{"id":24152,"date":"2024-11-28T21:18:51","date_gmt":"2024-11-28T20:18:51","guid":{"rendered":"https:\/\/www.tempsdepause.ch\/solfar\/?page_id=24152"},"modified":"2024-12-08T17:34:08","modified_gmt":"2024-12-08T16:34:08","slug":"les-meilleures-accessoires-du-california","status":"publish","type":"page","link":"https:\/\/www.tempsdepause.ch\/solfar\/les-meilleures-accessoires-du-california\/","title":{"rendered":"Les meilleures accessoires du California"},"content":{"rendered":"\t\t<div data-elementor-type=\"wp-page\" data-elementor-id=\"24152\" class=\"elementor elementor-24152\">\n\t\t\t\t\t\t<section class=\"elementor-section elementor-top-section elementor-element elementor-element-b8d3f32 elementor-section-boxed elementor-section-height-default elementor-section-height-default\" data-id=\"b8d3f32\" data-element_type=\"section\" data-e-type=\"section\">\n\t\t\t\t\t\t<div class=\"elementor-container elementor-column-gap-default\">\n\t\t\t\t\t<div class=\"elementor-column elementor-col-100 elementor-top-column elementor-element elementor-element-2fe9eca\" data-id=\"2fe9eca\" data-element_type=\"column\" data-e-type=\"column\">\n\t\t\t<div class=\"elementor-widget-wrap elementor-element-populated\">\n\t\t\t\t\t\t<div class=\"elementor-element elementor-element-b3ac51f elementor-widget elementor-widget-spacer\" data-id=\"b3ac51f\" data-element_type=\"widget\" data-e-type=\"widget\" data-widget_type=\"spacer.default\">\n\t\t\t\t<div class=\"elementor-widget-container\">\n\t\t\t\t\t\t\t<div class=\"elementor-spacer\">\n\t\t\t<div class=\"elementor-spacer-inner\"><\/div>\n\t\t<\/div>\n\t\t\t\t\t\t<\/div>\n\t\t\t\t<\/div>\n\t\t\t\t\t<\/div>\n\t\t<\/div>\n\t\t\t\t\t<\/div>\n\t\t<\/section>\n\t\t\t\t<section class=\"elementor-section elementor-top-section elementor-element elementor-element-a5cbad7 elementor-section-boxed elementor-section-height-default elementor-section-height-default\" data-id=\"a5cbad7\" data-element_type=\"section\" data-e-type=\"section\">\n\t\t\t\t\t\t<div class=\"elementor-container elementor-column-gap-default\">\n\t\t\t\t\t<div class=\"elementor-column elementor-col-100 elementor-top-column elementor-element elementor-element-8a3f58c\" data-id=\"8a3f58c\" data-element_type=\"column\" data-e-type=\"column\">\n\t\t\t<div class=\"elementor-widget-wrap elementor-element-populated\">\n\t\t\t\t\t\t<div class=\"elementor-element elementor-element-f08e8d8 elementor-widget elementor-widget-heading\" data-id=\"f08e8d8\" data-element_type=\"widget\" data-e-type=\"widget\" data-widget_type=\"heading.default\">\n\t\t\t\t<div class=\"elementor-widget-container\">\n\t\t\t\t\t<h3 class=\"elementor-heading-title elementor-size-default\">Les meilleures accessoires que j'ai s\u00e9lectionn\u00e9 pour mon California<\/h3>\t\t\t\t<\/div>\n\t\t\t\t<\/div>\n\t\t\t\t\t<\/div>\n\t\t<\/div>\n\t\t\t\t\t<\/div>\n\t\t<\/section>\n\t\t\t\t<section class=\"elementor-section elementor-top-section elementor-element elementor-element-d2384c5 elementor-section-boxed elementor-section-height-default elementor-section-height-default\" data-id=\"d2384c5\" data-element_type=\"section\" data-e-type=\"section\">\n\t\t\t\t\t\t<div class=\"elementor-container elementor-column-gap-default\">\n\t\t\t\t\t<div class=\"elementor-column elementor-col-100 elementor-top-column elementor-element elementor-element-06f4d47\" data-id=\"06f4d47\" data-element_type=\"column\" data-e-type=\"column\">\n\t\t\t<div class=\"elementor-widget-wrap elementor-element-populated\">\n\t\t\t\t\t\t<div class=\"elementor-element elementor-element-c9df177 elementor-widget elementor-widget-image\" data-id=\"c9df177\" data-element_type=\"widget\" data-e-type=\"widget\" data-widget_type=\"image.default\">\n\t\t\t\t<div class=\"elementor-widget-container\">\n\t\t\t\t\t\t\t\t\t\t\t\t\t\t\t<img fetchpriority=\"high\" decoding=\"async\" width=\"960\" height=\"720\" src=\"https:\/\/www.tempsdepause.ch\/solfar\/wp-content\/uploads\/2024\/11\/IMG_7552-1365x1024.png\" class=\"attachment-large size-large wp-image-24153\" alt=\"\" srcset=\"https:\/\/www.tempsdepause.ch\/solfar\/wp-content\/uploads\/2024\/11\/IMG_7552-1365x1024.png 1365w, https:\/\/www.tempsdepause.ch\/solfar\/wp-content\/uploads\/2024\/11\/IMG_7552-667x500.png 667w, https:\/\/www.tempsdepause.ch\/solfar\/wp-content\/uploads\/2024\/11\/IMG_7552-768x576.png 768w, https:\/\/www.tempsdepause.ch\/solfar\/wp-content\/uploads\/2024\/11\/IMG_7552-800x600.png 800w, https:\/\/www.tempsdepause.ch\/solfar\/wp-content\/uploads\/2024\/11\/IMG_7552-300x225.png 300w, https:\/\/www.tempsdepause.ch\/solfar\/wp-content\/uploads\/2024\/11\/IMG_7552-600x450.png 600w, https:\/\/www.tempsdepause.ch\/solfar\/wp-content\/uploads\/2024\/11\/IMG_7552.png 1400w\" sizes=\"(max-width: 960px) 100vw, 960px\" \/>\t\t\t\t\t\t\t\t\t\t\t\t\t\t\t<\/div>\n\t\t\t\t<\/div>\n\t\t\t\t\t<\/div>\n\t\t<\/div>\n\t\t\t\t\t<\/div>\n\t\t<\/section>\n\t\t\t\t<section class=\"elementor-section elementor-top-section elementor-element elementor-element-0cfa37f elementor-section-boxed elementor-section-height-default elementor-section-height-default\" data-id=\"0cfa37f\" data-element_type=\"section\" data-e-type=\"section\">\n\t\t\t\t\t\t<div class=\"elementor-container elementor-column-gap-default\">\n\t\t\t\t\t<div class=\"elementor-column elementor-col-100 elementor-top-column elementor-element elementor-element-cf1ba28\" data-id=\"cf1ba28\" data-element_type=\"column\" data-e-type=\"column\">\n\t\t\t<div class=\"elementor-widget-wrap elementor-element-populated\">\n\t\t\t\t\t\t<div class=\"elementor-element elementor-element-21d7a34 elementor-widget elementor-widget-text-editor\" data-id=\"21d7a34\" data-element_type=\"widget\" data-e-type=\"widget\" data-widget_type=\"text-editor.default\">\n\t\t\t\t<div class=\"elementor-widget-container\">\n\t\t\t\t\t\t\t\t\t<h4>Moustiquaire<\/h4><p>Si un accessoire est indispensable, celui-ci \u00e0 ma pr\u00e9f\u00e9rence. C\u2019est la moustiquaire la mieux con\u00e7ue.\u00a0<\/p><h4><strong>VanQuito moustiquaire pour la porte coulissante et l\u2019arri\u00e8re<\/strong><\/h4><p>Fournisseur:\u00a0<a href=\"https:\/\/www.buessli-shop.ch\/fr\/produits\/moustiquaire-avec-fermeture-magn\u00e9tique-pour-vw-t5-t6-porte-coulissante-vanquito-fine-mesh-moskito?srsltid=AfmBOorhp4FA8sqlGcc7vs0fu4nRDbvj481pbEteAjwXh2AyCruzfV7e\" target=\"_blank\" rel=\"noopener\">Buessli-shop.ch<\/a><\/p><h5>Bon \u00e0 savoir<\/h5><ul><li>Montage super simple et rapide, exclusivement avec des bandes magn\u00e9tiques<\/li><li>les bandes magn\u00e9tiques sont recouvertes de textile pour prot\u00e9ger la peinture<\/li><li>Haute perm\u00e9abilit\u00e9 \u00e0 la lumi\u00e8re et \u00e0 l\u2019air, r\u00e9sistant aux UV et aux intemp\u00e9ries, r\u00e9sistant aux mailles et ind\u00e9formable.<\/li><li>Mat\u00e9riau : tissu en fibre de verre rev\u00eatu de PVC<\/li><li>couleur : noir<\/li><li>Dimensions de l\u2019emballage : 40 x 30cm<\/li><li>Poids : 800g<\/li><\/ul><h5>Variantes disponibles :<\/h5><p><strong>Fine-Mesh<\/strong><\/p><ul><li>Avec des mailles plus fines pour les plus petits insectes \u2013 convient aussi surtout pour les pays nordiques !<\/li><li>ouverture de maille : 0,94 x 0,94mm\u00a0<\/li><\/ul><p><strong>Maille normale<\/strong><\/p><ul><li>\u00a0Avec des mailles de taille normale (\u00ab\u00a0normal mesh\u00a0\u00bb) pour une meilleure circulation de l\u2019air<\/li><li>Largeur de maille : Maille normale 1,29 x 1,13 mm\u00a0<\/li><\/ul><p>\u00a0<strong>Fermeture \u00e0 glissi\u00e8re magn\u00e9tique<\/strong><\/p><ul><li>Plus pratique et plus rapide avec la fermeture \u00e9clair magn\u00e9tique<\/li><li>La fermeture \u00e9clair avec aimants se ferme toute seule. Les deux mains sont toujours libres !<\/li><\/ul>\t\t\t\t\t\t\t\t<\/div>\n\t\t\t\t<\/div>\n\t\t\t\t\t<\/div>\n\t\t<\/div>\n\t\t\t\t\t<\/div>\n\t\t<\/section>\n\t\t\t\t<section class=\"elementor-section elementor-top-section elementor-element elementor-element-44f2928 elementor-section-boxed elementor-section-height-default elementor-section-height-default\" data-id=\"44f2928\" data-element_type=\"section\" data-e-type=\"section\">\n\t\t\t\t\t\t<div class=\"elementor-container elementor-column-gap-default\">\n\t\t\t\t\t<div class=\"elementor-column elementor-col-50 elementor-top-column elementor-element elementor-element-3e0eade\" data-id=\"3e0eade\" data-element_type=\"column\" data-e-type=\"column\">\n\t\t\t<div class=\"elementor-widget-wrap elementor-element-populated\">\n\t\t\t\t\t\t<div class=\"elementor-element elementor-element-7c7e661 elementor-widget elementor-widget-image\" data-id=\"7c7e661\" data-element_type=\"widget\" data-e-type=\"widget\" data-widget_type=\"image.default\">\n\t\t\t\t<div class=\"elementor-widget-container\">\n\t\t\t\t\t\t\t\t\t\t\t\t\t\t\t<img decoding=\"async\" width=\"800\" height=\"600\" src=\"https:\/\/www.tempsdepause.ch\/solfar\/wp-content\/uploads\/2022\/11\/IMG_7462.jpg\" class=\"attachment-large size-large wp-image-23742\" alt=\"\" srcset=\"https:\/\/www.tempsdepause.ch\/solfar\/wp-content\/uploads\/2022\/11\/IMG_7462.jpg 800w, https:\/\/www.tempsdepause.ch\/solfar\/wp-content\/uploads\/2022\/11\/IMG_7462-667x500.jpg 667w, https:\/\/www.tempsdepause.ch\/solfar\/wp-content\/uploads\/2022\/11\/IMG_7462-768x576.jpg 768w, https:\/\/www.tempsdepause.ch\/solfar\/wp-content\/uploads\/2022\/11\/IMG_7462-300x225.jpg 300w, https:\/\/www.tempsdepause.ch\/solfar\/wp-content\/uploads\/2022\/11\/IMG_7462-600x450.jpg 600w\" sizes=\"(max-width: 800px) 100vw, 800px\" \/>\t\t\t\t\t\t\t\t\t\t\t\t\t\t\t<\/div>\n\t\t\t\t<\/div>\n\t\t\t\t\t<\/div>\n\t\t<\/div>\n\t\t\t\t<div class=\"elementor-column elementor-col-50 elementor-top-column elementor-element elementor-element-7d917cc\" data-id=\"7d917cc\" data-element_type=\"column\" data-e-type=\"column\">\n\t\t\t<div class=\"elementor-widget-wrap elementor-element-populated\">\n\t\t\t\t\t\t<div class=\"elementor-element elementor-element-d6e4df7 elementor-widget elementor-widget-text-editor\" data-id=\"d6e4df7\" data-element_type=\"widget\" data-e-type=\"widget\" data-widget_type=\"text-editor.default\">\n\t\t\t\t<div class=\"elementor-widget-container\">\n\t\t\t\t\t\t\t\t\t<p>Les meilleures produits pour \u00e9loigner les midges et soulager les piq\u00fbres de moustiques et morsures de midges.<\/p><p>\u00a0<\/p>\t\t\t\t\t\t\t\t<\/div>\n\t\t\t\t<\/div>\n\t\t\t\t\t<\/div>\n\t\t<\/div>\n\t\t\t\t\t<\/div>\n\t\t<\/section>\n\t\t\t\t<section class=\"elementor-section elementor-top-section elementor-element elementor-element-27e3177 elementor-section-boxed elementor-section-height-default elementor-section-height-default\" data-id=\"27e3177\" data-element_type=\"section\" data-e-type=\"section\">\n\t\t\t\t\t\t<div class=\"elementor-container elementor-column-gap-default\">\n\t\t\t\t\t<div class=\"elementor-column elementor-col-100 elementor-top-column elementor-element elementor-element-906c716\" data-id=\"906c716\" data-element_type=\"column\" data-e-type=\"column\">\n\t\t\t<div class=\"elementor-widget-wrap elementor-element-populated\">\n\t\t\t\t\t\t<div class=\"elementor-element elementor-element-61c8ba2 elementor-widget elementor-widget-heading\" data-id=\"61c8ba2\" data-element_type=\"widget\" data-e-type=\"widget\" data-widget_type=\"heading.default\">\n\t\t\t\t<div class=\"elementor-widget-container\">\n\t\t\t\t\t<h3 class=\"elementor-heading-title elementor-size-default\">Dormir comme un loir<\/h3>\t\t\t\t<\/div>\n\t\t\t\t<\/div>\n\t\t\t\t\t<\/div>\n\t\t<\/div>\n\t\t\t\t\t<\/div>\n\t\t<\/section>\n\t\t\t\t<section class=\"elementor-section elementor-top-section elementor-element elementor-element-e9ce30c elementor-section-boxed elementor-section-height-default elementor-section-height-default\" data-id=\"e9ce30c\" data-element_type=\"section\" data-e-type=\"section\">\n\t\t\t\t\t\t<div class=\"elementor-container elementor-column-gap-default\">\n\t\t\t\t\t<div class=\"elementor-column elementor-col-50 elementor-top-column elementor-element elementor-element-bbc815e\" data-id=\"bbc815e\" data-element_type=\"column\" data-e-type=\"column\">\n\t\t\t<div class=\"elementor-widget-wrap elementor-element-populated\">\n\t\t\t\t\t\t<div class=\"elementor-element elementor-element-ee0fba2 elementor-widget elementor-widget-image\" data-id=\"ee0fba2\" data-element_type=\"widget\" data-e-type=\"widget\" data-widget_type=\"image.default\">\n\t\t\t\t<div class=\"elementor-widget-container\">\n\t\t\t\t\t\t\t\t\t\t\t\t\t\t\t<img decoding=\"async\" width=\"960\" height=\"960\" src=\"https:\/\/www.tempsdepause.ch\/solfar\/wp-content\/uploads\/2023\/03\/Click-Mat-Grey_1_Quadrat-1024x1024-1.png\" class=\"attachment-large size-large wp-image-23827\" alt=\"\" srcset=\"https:\/\/www.tempsdepause.ch\/solfar\/wp-content\/uploads\/2023\/03\/Click-Mat-Grey_1_Quadrat-1024x1024-1.png 1024w, https:\/\/www.tempsdepause.ch\/solfar\/wp-content\/uploads\/2023\/03\/Click-Mat-Grey_1_Quadrat-1024x1024-1-500x500.png 500w, https:\/\/www.tempsdepause.ch\/solfar\/wp-content\/uploads\/2023\/03\/Click-Mat-Grey_1_Quadrat-1024x1024-1-200x200.png 200w, https:\/\/www.tempsdepause.ch\/solfar\/wp-content\/uploads\/2023\/03\/Click-Mat-Grey_1_Quadrat-1024x1024-1-768x768.png 768w, https:\/\/www.tempsdepause.ch\/solfar\/wp-content\/uploads\/2023\/03\/Click-Mat-Grey_1_Quadrat-1024x1024-1-150x150.png 150w, https:\/\/www.tempsdepause.ch\/solfar\/wp-content\/uploads\/2023\/03\/Click-Mat-Grey_1_Quadrat-1024x1024-1-770x770.png 770w, https:\/\/www.tempsdepause.ch\/solfar\/wp-content\/uploads\/2023\/03\/Click-Mat-Grey_1_Quadrat-1024x1024-1-160x160.png 160w, https:\/\/www.tempsdepause.ch\/solfar\/wp-content\/uploads\/2023\/03\/Click-Mat-Grey_1_Quadrat-1024x1024-1-800x800.png 800w, https:\/\/www.tempsdepause.ch\/solfar\/wp-content\/uploads\/2023\/03\/Click-Mat-Grey_1_Quadrat-1024x1024-1-600x600.png 600w, https:\/\/www.tempsdepause.ch\/solfar\/wp-content\/uploads\/2023\/03\/Click-Mat-Grey_1_Quadrat-1024x1024-1-100x100.png 100w\" sizes=\"(max-width: 960px) 100vw, 960px\" \/>\t\t\t\t\t\t\t\t\t\t\t\t\t\t\t<\/div>\n\t\t\t\t<\/div>\n\t\t\t\t<div class=\"elementor-element elementor-element-49df8ce elementor-widget elementor-widget-image\" data-id=\"49df8ce\" data-element_type=\"widget\" data-e-type=\"widget\" data-widget_type=\"image.default\">\n\t\t\t\t<div class=\"elementor-widget-container\">\n\t\t\t\t\t\t\t\t\t\t\t\t\t\t\t<img loading=\"lazy\" decoding=\"async\" width=\"568\" height=\"287\" src=\"https:\/\/www.tempsdepause.ch\/solfar\/wp-content\/uploads\/2024\/11\/Click-Mat-Grey_7_Quadrat-600x600-1.png\" class=\"attachment-large size-large wp-image-24154\" alt=\"\" \/>\t\t\t\t\t\t\t\t\t\t\t\t\t\t\t<\/div>\n\t\t\t\t<\/div>\n\t\t\t\t\t<\/div>\n\t\t<\/div>\n\t\t\t\t<div class=\"elementor-column elementor-col-50 elementor-top-column elementor-element elementor-element-f279ae0\" data-id=\"f279ae0\" data-element_type=\"column\" data-e-type=\"column\">\n\t\t\t<div class=\"elementor-widget-wrap elementor-element-populated\">\n\t\t\t\t\t\t<div class=\"elementor-element elementor-element-edfabdd elementor-widget elementor-widget-image\" data-id=\"edfabdd\" data-element_type=\"widget\" data-e-type=\"widget\" data-widget_type=\"image.default\">\n\t\t\t\t<div class=\"elementor-widget-container\">\n\t\t\t\t\t\t\t\t\t\t\t\t\t\t\t\t<a href=\"https:\/\/fanello.swiss\/produkt\/fanello-clickmat-fuer-kleinbusse\/\" target=\"_blank\">\n\t\t\t\t\t\t\t<img loading=\"lazy\" decoding=\"async\" width=\"889\" height=\"793\" src=\"https:\/\/www.tempsdepause.ch\/solfar\/wp-content\/uploads\/2023\/03\/fanello-das-Bett_weiss.png\" class=\"attachment-large size-large wp-image-23828\" alt=\"\" srcset=\"https:\/\/www.tempsdepause.ch\/solfar\/wp-content\/uploads\/2023\/03\/fanello-das-Bett_weiss.png 889w, https:\/\/www.tempsdepause.ch\/solfar\/wp-content\/uploads\/2023\/03\/fanello-das-Bett_weiss-561x500.png 561w, https:\/\/www.tempsdepause.ch\/solfar\/wp-content\/uploads\/2023\/03\/fanello-das-Bett_weiss-768x685.png 768w, https:\/\/www.tempsdepause.ch\/solfar\/wp-content\/uploads\/2023\/03\/fanello-das-Bett_weiss-800x714.png 800w, https:\/\/www.tempsdepause.ch\/solfar\/wp-content\/uploads\/2023\/03\/fanello-das-Bett_weiss-600x535.png 600w\" sizes=\"(max-width: 889px) 100vw, 889px\" \/>\t\t\t\t\t\t\t\t<\/a>\n\t\t\t\t\t\t\t\t\t\t\t\t\t\t\t<\/div>\n\t\t\t\t<\/div>\n\t\t\t\t<div class=\"elementor-element elementor-element-8b73793 elementor-widget elementor-widget-text-editor\" data-id=\"8b73793\" data-element_type=\"widget\" data-e-type=\"widget\" data-widget_type=\"text-editor.default\">\n\t\t\t\t<div class=\"elementor-widget-container\">\n\t\t\t\t\t\t\t\t\t<h5>Fanello ClickMat<\/h5><div class=\"page\" title=\"Page 2\"><div class=\"section\"><div class=\"layoutArea\"><div class=\"column\"><div class=\"page\" title=\"Page 2\"><div class=\"section\"><div class=\"layoutArea\"><div class=\"column\"><div class=\"page\" title=\"Page 4\"><div class=\"section\"><div class=\"layoutArea\"><div class=\"column\"><h3 class=\"product_title entry-title\">fanello ClickMat\u00a0<\/h3><div class=\"woocommerce-product-details__short-description\"><p>Les matelas de la ligne fanello ClickMat sont fabriqu\u00e9s pour les mod\u00e8les VW California et Mercedes Marco Polo. Cette ing\u00e9nieuse fa4on de le plier prend peu de place \u00e0 l\u2019arri\u00e8re.<\/p><p>La coupe en biais \u00e9vite, gr\u00e2ce au mat\u00e9riau qui se chevauche, les lacunes g\u00eanantes entre les parties du matelas. .<\/p><p>Le m\u00e9canisme de pliage permet de fixer le drap housse, la couverture et l\u2019oreiller dans le matelas \u00e0 replier. Ainsi, vous avez d\u00e9j\u00e0 rang\u00e9 tous les v\u00eatements de couchage et pouvez utiliser \u00e0 nouveau la face sup\u00e9rieur plate du matelas comme surface de rangement.<\/p><\/div><\/div><\/div><\/div><\/div><\/div><\/div><\/div><\/div><\/div><\/div><\/div><\/div>\t\t\t\t\t\t\t\t<\/div>\n\t\t\t\t<\/div>\n\t\t\t\t\t<\/div>\n\t\t<\/div>\n\t\t\t\t\t<\/div>\n\t\t<\/section>\n\t\t\t\t<section class=\"elementor-section elementor-top-section elementor-element elementor-element-11f8e82 elementor-section-boxed elementor-section-height-default elementor-section-height-default\" data-id=\"11f8e82\" data-element_type=\"section\" data-e-type=\"section\">\n\t\t\t\t\t\t<div class=\"elementor-container elementor-column-gap-default\">\n\t\t\t\t\t<div class=\"elementor-column elementor-col-50 elementor-top-column elementor-element elementor-element-d038357\" data-id=\"d038357\" data-element_type=\"column\" data-e-type=\"column\">\n\t\t\t<div class=\"elementor-widget-wrap elementor-element-populated\">\n\t\t\t\t\t\t<div class=\"elementor-element elementor-element-ac28a08 elementor-widget elementor-widget-text-editor\" data-id=\"ac28a08\" data-element_type=\"widget\" data-e-type=\"widget\" data-widget_type=\"text-editor.default\">\n\t\t\t\t<div class=\"elementor-widget-container\">\n\t\t\t\t\t\t\t\t\t<h4>Fanello + Froli = de superbes nuits de r\u00eave !<\/h4><p>Un bon matelas Fanello ClickMat \u00a0de 7cm plus un sommier \u00e9lastique avec des \u00e9l\u00e9ments Froli nous offre des nuits de r\u00eave.\u00a0<\/p><p>J\u2019ai remplac\u00e9 la grille du T6 par un contreplaqu\u00e9 ph\u00e9nolique de bouleau et coll\u00e9 le syst\u00e8me Froli.<\/p><p>Le syst\u00e8me de lit Froli est un sommier confortable sp\u00e9cialement con\u00e7u pour les bateaux et camping-car. Peu encombrant, l\u00e9ger et avec une bonne ventilation par le dessous. Possibilit\u00e9 de montage variable dans les coins ou les pentes en tournant les diff\u00e9rents \u00e9l\u00e9ments. Compos\u00e9 d\u2019\u00e9l\u00e9ments \u00e0 ressorts normaux, d\u2019\u00e9l\u00e9ments soft, de croisillons de pied et de croisillons de serrage pour l\u2019adaptation de la fermet\u00e9.<\/p>\t\t\t\t\t\t\t\t<\/div>\n\t\t\t\t<\/div>\n\t\t\t\t\t<\/div>\n\t\t<\/div>\n\t\t\t\t<div class=\"elementor-column elementor-col-50 elementor-top-column elementor-element elementor-element-9548f68\" data-id=\"9548f68\" data-element_type=\"column\" data-e-type=\"column\">\n\t\t\t<div class=\"elementor-widget-wrap elementor-element-populated\">\n\t\t\t\t\t\t<div class=\"elementor-element elementor-element-8c8c1f3 elementor-widget elementor-widget-image\" data-id=\"8c8c1f3\" data-element_type=\"widget\" data-e-type=\"widget\" data-widget_type=\"image.default\">\n\t\t\t\t<div class=\"elementor-widget-container\">\n\t\t\t\t\t\t\t\t\t\t\t\t\t\t\t<img loading=\"lazy\" decoding=\"async\" width=\"400\" height=\"533\" src=\"https:\/\/www.tempsdepause.ch\/solfar\/wp-content\/uploads\/2023\/03\/JDB_0154.png\" class=\"attachment-large size-large wp-image-23830\" alt=\"\" srcset=\"https:\/\/www.tempsdepause.ch\/solfar\/wp-content\/uploads\/2023\/03\/JDB_0154.png 400w, https:\/\/www.tempsdepause.ch\/solfar\/wp-content\/uploads\/2023\/03\/JDB_0154-375x500.png 375w\" sizes=\"(max-width: 400px) 100vw, 400px\" \/>\t\t\t\t\t\t\t\t\t\t\t\t\t\t\t<\/div>\n\t\t\t\t<\/div>\n\t\t\t\t\t<\/div>\n\t\t<\/div>\n\t\t\t\t\t<\/div>\n\t\t<\/section>\n\t\t\t\t<section class=\"elementor-section elementor-top-section elementor-element elementor-element-a63a477 elementor-section-boxed elementor-section-height-default elementor-section-height-default\" data-id=\"a63a477\" data-element_type=\"section\" data-e-type=\"section\">\n\t\t\t\t\t\t<div class=\"elementor-container elementor-column-gap-default\">\n\t\t\t\t\t<div class=\"elementor-column elementor-col-100 elementor-top-column elementor-element elementor-element-9cfbc7b\" data-id=\"9cfbc7b\" data-element_type=\"column\" data-e-type=\"column\">\n\t\t\t<div class=\"elementor-widget-wrap elementor-element-populated\">\n\t\t\t\t\t\t<div class=\"elementor-element elementor-element-520ce72 elementor-widget elementor-widget-text-editor\" data-id=\"520ce72\" data-element_type=\"widget\" data-e-type=\"widget\" data-widget_type=\"text-editor.default\">\n\t\t\t\t<div class=\"elementor-widget-container\">\n\t\t\t\t\t\t\t\t\t<h4>Isolation des fen\u00eatres\u00a0<\/h4><p>Voici un produit tr\u00e8s bien con\u00e7u avec des aimants dans les coutures. Une isolation parfaite des fen\u00eatres du Van.<\/p><p>Disponible chez <a href=\"https:\/\/www.project-camper.de\/shop\/magnet-thermomatten-vw-t6\" target=\"_blank\" rel=\"noopener\">Project Camper<\/a><\/p>\t\t\t\t\t\t\t\t<\/div>\n\t\t\t\t<\/div>\n\t\t\t\t\t<\/div>\n\t\t<\/div>\n\t\t\t\t\t<\/div>\n\t\t<\/section>\n\t\t\t\t<section class=\"elementor-section elementor-top-section elementor-element elementor-element-5f66f45 elementor-section-boxed elementor-section-height-default elementor-section-height-default\" data-id=\"5f66f45\" data-element_type=\"section\" data-e-type=\"section\">\n\t\t\t\t\t\t<div class=\"elementor-container elementor-column-gap-default\">\n\t\t\t\t\t<div class=\"elementor-column elementor-col-50 elementor-top-column elementor-element elementor-element-e7ff84c\" data-id=\"e7ff84c\" data-element_type=\"column\" data-e-type=\"column\">\n\t\t\t<div class=\"elementor-widget-wrap elementor-element-populated\">\n\t\t\t\t\t\t<div class=\"elementor-element elementor-element-0d13ba6 elementor-widget elementor-widget-image\" data-id=\"0d13ba6\" data-element_type=\"widget\" data-e-type=\"widget\" data-widget_type=\"image.default\">\n\t\t\t\t<div class=\"elementor-widget-container\">\n\t\t\t\t\t\t\t\t\t\t\t\t\t\t\t<img loading=\"lazy\" decoding=\"async\" width=\"500\" height=\"334\" src=\"https:\/\/www.tempsdepause.ch\/solfar\/wp-content\/uploads\/2019\/11\/JDB_2377.png\" class=\"attachment-large size-large wp-image-23157\" alt=\"\" \/>\t\t\t\t\t\t\t\t\t\t\t\t\t\t\t<\/div>\n\t\t\t\t<\/div>\n\t\t\t\t\t<\/div>\n\t\t<\/div>\n\t\t\t\t<div class=\"elementor-column elementor-col-50 elementor-top-column elementor-element elementor-element-78f1b63\" data-id=\"78f1b63\" data-element_type=\"column\" data-e-type=\"column\">\n\t\t\t<div class=\"elementor-widget-wrap elementor-element-populated\">\n\t\t\t\t\t\t<div class=\"elementor-element elementor-element-8be48aa elementor-widget elementor-widget-image\" data-id=\"8be48aa\" data-element_type=\"widget\" data-e-type=\"widget\" data-widget_type=\"image.default\">\n\t\t\t\t<div class=\"elementor-widget-container\">\n\t\t\t\t\t\t\t\t\t\t\t\t\t\t\t<img loading=\"lazy\" decoding=\"async\" width=\"960\" height=\"640\" src=\"https:\/\/www.tempsdepause.ch\/solfar\/wp-content\/uploads\/2019\/11\/IMG_2378.jpg\" class=\"attachment-large size-large wp-image-2023\" alt=\"\" srcset=\"https:\/\/www.tempsdepause.ch\/solfar\/wp-content\/uploads\/2019\/11\/IMG_2378.jpg 1000w, https:\/\/www.tempsdepause.ch\/solfar\/wp-content\/uploads\/2019\/11\/IMG_2378-750x500.jpg 750w, https:\/\/www.tempsdepause.ch\/solfar\/wp-content\/uploads\/2019\/11\/IMG_2378-768x512.jpg 768w, https:\/\/www.tempsdepause.ch\/solfar\/wp-content\/uploads\/2019\/11\/IMG_2378-800x534.jpg 800w, https:\/\/www.tempsdepause.ch\/solfar\/wp-content\/uploads\/2019\/11\/IMG_2378-600x400.jpg 600w\" sizes=\"(max-width: 960px) 100vw, 960px\" \/>\t\t\t\t\t\t\t\t\t\t\t\t\t\t\t<\/div>\n\t\t\t\t<\/div>\n\t\t\t\t\t<\/div>\n\t\t<\/div>\n\t\t\t\t\t<\/div>\n\t\t<\/section>\n\t\t\t\t<section class=\"elementor-section elementor-top-section elementor-element elementor-element-8cc173c elementor-section-boxed elementor-section-height-default elementor-section-height-default\" data-id=\"8cc173c\" data-element_type=\"section\" data-e-type=\"section\">\n\t\t\t\t\t\t<div class=\"elementor-container elementor-column-gap-default\">\n\t\t\t\t\t<div class=\"elementor-column elementor-col-100 elementor-top-column elementor-element elementor-element-31332a1\" data-id=\"31332a1\" data-element_type=\"column\" data-e-type=\"column\">\n\t\t\t<div class=\"elementor-widget-wrap elementor-element-populated\">\n\t\t\t\t\t\t<div class=\"elementor-element elementor-element-6ad72e0 elementor-widget elementor-widget-heading\" data-id=\"6ad72e0\" data-element_type=\"widget\" data-e-type=\"widget\" data-widget_type=\"heading.default\">\n\t\t\t\t<div class=\"elementor-widget-container\">\n\t\t\t\t\t<h3 class=\"elementor-heading-title elementor-size-default\">Solutions de rangement particuli\u00e8rement pratique<\/h3>\t\t\t\t<\/div>\n\t\t\t\t<\/div>\n\t\t\t\t\t<\/div>\n\t\t<\/div>\n\t\t\t\t\t<\/div>\n\t\t<\/section>\n\t\t\t\t<section class=\"elementor-section elementor-top-section elementor-element elementor-element-528ea8c elementor-section-boxed elementor-section-height-default elementor-section-height-default\" data-id=\"528ea8c\" data-element_type=\"section\" data-e-type=\"section\">\n\t\t\t\t\t\t<div class=\"elementor-container elementor-column-gap-default\">\n\t\t\t\t\t<div class=\"elementor-column elementor-col-50 elementor-top-column elementor-element elementor-element-ef9284a\" data-id=\"ef9284a\" data-element_type=\"column\" data-e-type=\"column\">\n\t\t\t<div class=\"elementor-widget-wrap elementor-element-populated\">\n\t\t\t\t\t\t<div class=\"elementor-element elementor-element-f60f581 elementor-widget elementor-widget-image\" data-id=\"f60f581\" data-element_type=\"widget\" data-e-type=\"widget\" data-widget_type=\"image.default\">\n\t\t\t\t<div class=\"elementor-widget-container\">\n\t\t\t\t\t\t\t\t\t\t\t\t\t\t\t<img loading=\"lazy\" decoding=\"async\" width=\"450\" height=\"600\" src=\"https:\/\/www.tempsdepause.ch\/solfar\/wp-content\/uploads\/2021\/09\/IMG_4946.png\" class=\"attachment-large size-large wp-image-22276\" alt=\"\" srcset=\"https:\/\/www.tempsdepause.ch\/solfar\/wp-content\/uploads\/2021\/09\/IMG_4946.png 450w, https:\/\/www.tempsdepause.ch\/solfar\/wp-content\/uploads\/2021\/09\/IMG_4946-375x500.png 375w\" sizes=\"(max-width: 450px) 100vw, 450px\" \/>\t\t\t\t\t\t\t\t\t\t\t\t\t\t\t<\/div>\n\t\t\t\t<\/div>\n\t\t\t\t<div class=\"elementor-element elementor-element-6a5a788 elementor-widget elementor-widget-text-editor\" data-id=\"6a5a788\" data-element_type=\"widget\" data-e-type=\"widget\" data-widget_type=\"text-editor.default\">\n\t\t\t\t<div class=\"elementor-widget-container\">\n\t\t\t\t\t\t\t\t\t<h5>Ajouter des \u00e9tag\u00e8res dans la penderie<\/h5><p>Disponible pour T5, T6 et T6.1 les trois tablars sont, comme ceux d\u2019origine, en alu composite. Ils sont recouvert d\u2019un plastique anti-glisse coll\u00e9 par laminage.<\/p><p>Ils sont disponibles ici en kit ou avec installation. L\u2019\u00e9clairage est en option.<\/p>\t\t\t\t\t\t\t\t<\/div>\n\t\t\t\t<\/div>\n\t\t\t\t\t<\/div>\n\t\t<\/div>\n\t\t\t\t<div class=\"elementor-column elementor-col-50 elementor-top-column elementor-element elementor-element-db427cc\" data-id=\"db427cc\" data-element_type=\"column\" data-e-type=\"column\">\n\t\t\t<div class=\"elementor-widget-wrap elementor-element-populated\">\n\t\t\t\t\t\t<div class=\"elementor-element elementor-element-44066ff elementor-widget elementor-widget-image\" data-id=\"44066ff\" data-element_type=\"widget\" data-e-type=\"widget\" data-widget_type=\"image.default\">\n\t\t\t\t<div class=\"elementor-widget-container\">\n\t\t\t\t\t\t\t\t\t\t\t\t\t\t\t<img loading=\"lazy\" decoding=\"async\" width=\"900\" height=\"682\" src=\"https:\/\/www.tempsdepause.ch\/solfar\/wp-content\/uploads\/2024\/12\/plateauCali.png\" class=\"attachment-large size-large wp-image-24221\" alt=\"\" srcset=\"https:\/\/www.tempsdepause.ch\/solfar\/wp-content\/uploads\/2024\/12\/plateauCali.png 900w, https:\/\/www.tempsdepause.ch\/solfar\/wp-content\/uploads\/2024\/12\/plateauCali-660x500.png 660w, https:\/\/www.tempsdepause.ch\/solfar\/wp-content\/uploads\/2024\/12\/plateauCali-768x582.png 768w, https:\/\/www.tempsdepause.ch\/solfar\/wp-content\/uploads\/2024\/12\/plateauCali-800x606.png 800w, https:\/\/www.tempsdepause.ch\/solfar\/wp-content\/uploads\/2024\/12\/plateauCali-600x455.png 600w\" sizes=\"(max-width: 900px) 100vw, 900px\" \/>\t\t\t\t\t\t\t\t\t\t\t\t\t\t\t<\/div>\n\t\t\t\t<\/div>\n\t\t\t\t<div class=\"elementor-element elementor-element-ccdf137 elementor-widget elementor-widget-text-editor\" data-id=\"ccdf137\" data-element_type=\"widget\" data-e-type=\"widget\" data-widget_type=\"text-editor.default\">\n\t\t\t\t<div class=\"elementor-widget-container\">\n\t\t\t\t\t\t\t\t\t<h4 id=\"cc-m-header-14968693623\">Plateau additionnel Cali<\/h4><p>Surface de rangement pratique avec trois bo\u00eetes de rangement \u00e0 retirer, pour tous vos petits et grands tr\u00e9sors.<\/p><p>Avec le CaliAdditionalTray, vous cr\u00e9ez plus d\u2019espace et d\u2019espace de rangement.<\/p><p>Les trois bo\u00eetes en aluminium peuvent \u00eatre facilement retir\u00e9es.<\/p><p>Cela leur donne acc\u00e8s aux mat\u00e9riaux dans les bo\u00eetes, m\u00eame si le grenier est en bas.<\/p><ul><li>extr\u00eamement robuste et durable.<\/li><li>bo\u00eetes amovibles en aluminium.<\/li><li>Support en acier, donc id\u00e9al pour y fixer des aimants ou des lunettes SILWY. (Les houes magn\u00e9tiques peuvent \u00eatre command\u00e9es s\u00e9par\u00e9ment.)<\/li><li>pas d\u2019alt\u00e9ration de la vue vers l\u2019ext\u00e9rieur \u00e0 la fen\u00eatre.<\/li><li>montage facile et rapide sans outils, il suffit de les accrocher.<\/li><li>peut \u00eatre d\u00e9plac\u00e9 pour n\u2019importe quelle position.<\/li><li>convient \u00e0 tous les mod\u00e8les VW California.<\/li><\/ul><p>Taille: LxlxH 75\u00d712.5\u00d710 cm<\/p><p>Disponible chez <a href=\"https:\/\/www.calisolar.ch\/produkte-f\u00fcr-vw\/zubeh\u00f6r\/caliadditionaltray\/\" target=\"_blank\" rel=\"noopener\">CaliSolar<\/a><\/p>\t\t\t\t\t\t\t\t<\/div>\n\t\t\t\t<\/div>\n\t\t\t\t\t<\/div>\n\t\t<\/div>\n\t\t\t\t\t<\/div>\n\t\t<\/section>\n\t\t\t\t<section class=\"elementor-section elementor-top-section elementor-element elementor-element-a02d796 elementor-section-boxed elementor-section-height-default elementor-section-height-default\" data-id=\"a02d796\" data-element_type=\"section\" data-e-type=\"section\">\n\t\t\t\t\t\t<div class=\"elementor-container elementor-column-gap-default\">\n\t\t\t\t\t<div class=\"elementor-column elementor-col-50 elementor-top-column elementor-element elementor-element-24430cb\" data-id=\"24430cb\" data-element_type=\"column\" data-e-type=\"column\">\n\t\t\t<div class=\"elementor-widget-wrap elementor-element-populated\">\n\t\t\t\t\t\t<div class=\"elementor-element elementor-element-9f8ae75 elementor-widget elementor-widget-image\" data-id=\"9f8ae75\" data-element_type=\"widget\" data-e-type=\"widget\" data-widget_type=\"image.default\">\n\t\t\t\t<div class=\"elementor-widget-container\">\n\t\t\t\t\t\t\t\t\t\t\t\t\t\t\t<img loading=\"lazy\" decoding=\"async\" width=\"900\" height=\"548\" src=\"https:\/\/www.tempsdepause.ch\/solfar\/wp-content\/uploads\/2024\/12\/CaliExtention.png\" class=\"attachment-large size-large wp-image-24222\" alt=\"\" srcset=\"https:\/\/www.tempsdepause.ch\/solfar\/wp-content\/uploads\/2024\/12\/CaliExtention.png 900w, https:\/\/www.tempsdepause.ch\/solfar\/wp-content\/uploads\/2024\/12\/CaliExtention-821x500.png 821w, https:\/\/www.tempsdepause.ch\/solfar\/wp-content\/uploads\/2024\/12\/CaliExtention-768x468.png 768w, https:\/\/www.tempsdepause.ch\/solfar\/wp-content\/uploads\/2024\/12\/CaliExtention-800x487.png 800w, https:\/\/www.tempsdepause.ch\/solfar\/wp-content\/uploads\/2024\/12\/CaliExtention-600x365.png 600w\" sizes=\"(max-width: 900px) 100vw, 900px\" \/>\t\t\t\t\t\t\t\t\t\t\t\t\t\t\t<\/div>\n\t\t\t\t<\/div>\n\t\t\t\t<div class=\"elementor-element elementor-element-751673e elementor-widget elementor-widget-text-editor\" data-id=\"751673e\" data-element_type=\"widget\" data-e-type=\"widget\" data-widget_type=\"text-editor.default\">\n\t\t\t\t<div class=\"elementor-widget-container\">\n\t\t\t\t\t\t\t\t\t<h4>CaliXtension l\u2019original<\/h4><p>Pour California T5 Comfortline et T6 ou T6.1 Ocean<\/p><p>Mod\u00e9le pour Beach \u00e9galement disponible.<\/p><p>Attention, les nombreuses copies de l\u2019original sont moins cher, mais de moindre qualit\u00e9. Le CaliExtension dispose d\u2019une fixation fiable et facilement amovible. La qualit\u00e9 Suisse \u00e0 un prix !<\/p><p>Disponible chez Sigrist, <a href=\"https:\/\/www.calisolar.ch\/produkte-f\u00fcr-vw\/heckausz\u00fcge\/calixtension\/\" target=\"_blank\" rel=\"noopener\">CaliSolar<\/a> et dans les agences VW Amag.<\/p>\t\t\t\t\t\t\t\t<\/div>\n\t\t\t\t<\/div>\n\t\t\t\t\t<\/div>\n\t\t<\/div>\n\t\t\t\t<div class=\"elementor-column elementor-col-50 elementor-top-column elementor-element elementor-element-bfc1061\" data-id=\"bfc1061\" data-element_type=\"column\" data-e-type=\"column\">\n\t\t\t<div class=\"elementor-widget-wrap elementor-element-populated\">\n\t\t\t\t\t\t<div class=\"elementor-element elementor-element-326590e elementor-widget elementor-widget-image\" data-id=\"326590e\" data-element_type=\"widget\" data-e-type=\"widget\" data-widget_type=\"image.default\">\n\t\t\t\t<div class=\"elementor-widget-container\">\n\t\t\t\t\t\t\t\t\t\t\t\t\t\t\t<img loading=\"lazy\" decoding=\"async\" width=\"900\" height=\"613\" src=\"https:\/\/www.tempsdepause.ch\/solfar\/wp-content\/uploads\/2024\/12\/CaliSideBoard.png\" class=\"attachment-large size-large wp-image-24223\" alt=\"\" srcset=\"https:\/\/www.tempsdepause.ch\/solfar\/wp-content\/uploads\/2024\/12\/CaliSideBoard.png 900w, https:\/\/www.tempsdepause.ch\/solfar\/wp-content\/uploads\/2024\/12\/CaliSideBoard-734x500.png 734w, https:\/\/www.tempsdepause.ch\/solfar\/wp-content\/uploads\/2024\/12\/CaliSideBoard-768x523.png 768w, https:\/\/www.tempsdepause.ch\/solfar\/wp-content\/uploads\/2024\/12\/CaliSideBoard-800x545.png 800w, https:\/\/www.tempsdepause.ch\/solfar\/wp-content\/uploads\/2024\/12\/CaliSideBoard-600x409.png 600w\" sizes=\"(max-width: 900px) 100vw, 900px\" \/>\t\t\t\t\t\t\t\t\t\t\t\t\t\t\t<\/div>\n\t\t\t\t<\/div>\n\t\t\t\t<div class=\"elementor-element elementor-element-2c15fed elementor-widget elementor-widget-text-editor\" data-id=\"2c15fed\" data-element_type=\"widget\" data-e-type=\"widget\" data-widget_type=\"text-editor.default\">\n\t\t\t\t<div class=\"elementor-widget-container\">\n\t\t\t\t\t\t\t\t\t<h4>CaliSlideBoard l\u2019original<\/h4><p>Tr\u00e8s copi\u00e9 depuis son invention, il reste le meilleur. Le CaliSideBoard est 100% Swiss Made. Mais a un prix prohibitif en rapport \u00e0 son utilit\u00e9.<\/p><p>Disponible chez <a href=\"https:\/\/www.calisolar.ch\/produkte-f\u00fcr-vw\/zubeh\u00f6r\/calisideboard\/\" target=\"_blank\" rel=\"noopener\">CaliSolar<\/a><\/p><p>\u00a0<\/p>\t\t\t\t\t\t\t\t<\/div>\n\t\t\t\t<\/div>\n\t\t\t\t\t<\/div>\n\t\t<\/div>\n\t\t\t\t\t<\/div>\n\t\t<\/section>\n\t\t\t\t<section class=\"elementor-section elementor-top-section elementor-element elementor-element-518f893 elementor-section-boxed elementor-section-height-default elementor-section-height-default\" data-id=\"518f893\" data-element_type=\"section\" data-e-type=\"section\">\n\t\t\t\t\t\t<div class=\"elementor-container elementor-column-gap-default\">\n\t\t\t\t\t<div class=\"elementor-column elementor-col-50 elementor-top-column elementor-element elementor-element-cd833c6\" data-id=\"cd833c6\" data-element_type=\"column\" data-e-type=\"column\">\n\t\t\t<div class=\"elementor-widget-wrap elementor-element-populated\">\n\t\t\t\t\t\t<div class=\"elementor-element elementor-element-9fff559 elementor-widget elementor-widget-image\" data-id=\"9fff559\" data-element_type=\"widget\" data-e-type=\"widget\" data-widget_type=\"image.default\">\n\t\t\t\t<div class=\"elementor-widget-container\">\n\t\t\t\t\t\t\t\t\t\t\t\t\t\t\t<img loading=\"lazy\" decoding=\"async\" width=\"960\" height=\"553\" src=\"https:\/\/www.tempsdepause.ch\/solfar\/wp-content\/uploads\/2024\/12\/VanEssa.png\" class=\"attachment-large size-large wp-image-24224\" alt=\"\" srcset=\"https:\/\/www.tempsdepause.ch\/solfar\/wp-content\/uploads\/2024\/12\/VanEssa.png 1037w, https:\/\/www.tempsdepause.ch\/solfar\/wp-content\/uploads\/2024\/12\/VanEssa-869x500.png 869w, https:\/\/www.tempsdepause.ch\/solfar\/wp-content\/uploads\/2024\/12\/VanEssa-768x442.png 768w, https:\/\/www.tempsdepause.ch\/solfar\/wp-content\/uploads\/2024\/12\/VanEssa-800x461.png 800w, https:\/\/www.tempsdepause.ch\/solfar\/wp-content\/uploads\/2024\/12\/VanEssa-600x345.png 600w\" sizes=\"(max-width: 960px) 100vw, 960px\" \/>\t\t\t\t\t\t\t\t\t\t\t\t\t\t\t<\/div>\n\t\t\t\t<\/div>\n\t\t\t\t<div class=\"elementor-element elementor-element-db4d6dd elementor-widget elementor-widget-text-editor\" data-id=\"db4d6dd\" data-element_type=\"widget\" data-e-type=\"widget\" data-widget_type=\"text-editor.default\">\n\t\t\t\t<div class=\"elementor-widget-container\">\n\t\t\t\t\t\t\t\t\t<h4>VanEssa<\/h4><p>ESPACE DE RANGEMENT PARFAITEMENT ORGANIS\u00c9. Le sac de fen\u00eatre VanEssa original est sp\u00e9cialement con\u00e7u pour r\u00e9pondre \u00e0 vos besoins de camping dans le VW Bus California avec banc \u00e0 deux places : rangez, organisez, assombrissez et isolez en m\u00eame temps.<br \/><br \/>Le sac est sp\u00e9cialement fa\u00e7onn\u00e9 afin qu\u2019il puisse toujours \u00eatre conduit avec le banc debout. Il est plac\u00e9 dans la vitre du passager arri\u00e8re et la remplit compl\u00e8tement en raison de ses dimensions exactes.<\/p><p>Disponible chez <a href=\"https:\/\/www.vanessa-mobilcamping.de\/en\/volkswagen\/t5\/california-comfortline-t5\/accessories-t5-california\/accessories-packing-bags-t5t6-lightgrey-2seaterbench.html\" target=\"_blank\" rel=\"noopener\">VanEssa<\/a><\/p>\t\t\t\t\t\t\t\t<\/div>\n\t\t\t\t<\/div>\n\t\t\t\t\t<\/div>\n\t\t<\/div>\n\t\t\t\t<div class=\"elementor-column elementor-col-50 elementor-top-column elementor-element elementor-element-0d7c051\" data-id=\"0d7c051\" data-element_type=\"column\" data-e-type=\"column\">\n\t\t\t<div class=\"elementor-widget-wrap elementor-element-populated\">\n\t\t\t\t\t\t<div class=\"elementor-element elementor-element-7ad0832 elementor-widget elementor-widget-image\" data-id=\"7ad0832\" data-element_type=\"widget\" data-e-type=\"widget\" data-widget_type=\"image.default\">\n\t\t\t\t<div class=\"elementor-widget-container\">\n\t\t\t\t\t\t\t\t\t\t\t\t\t\t\t<img loading=\"lazy\" decoding=\"async\" width=\"229\" height=\"400\" src=\"https:\/\/www.tempsdepause.ch\/solfar\/wp-content\/uploads\/2024\/12\/Epices.png\" class=\"attachment-large size-large wp-image-24226\" alt=\"\" \/>\t\t\t\t\t\t\t\t\t\t\t\t\t\t\t<\/div>\n\t\t\t\t<\/div>\n\t\t\t\t<div class=\"elementor-element elementor-element-c9541cc elementor-widget elementor-widget-text-editor\" data-id=\"c9541cc\" data-element_type=\"widget\" data-e-type=\"widget\" data-widget_type=\"text-editor.default\">\n\t\t\t\t<div class=\"elementor-widget-container\">\n\t\t\t\t\t\t\t\t\t<h4>Portes \u00e9pices<\/h4><p>Peut \u00eatre coll\u00e9 directement dans le petit volet \u00e0 c\u00f4t\u00e9 de l\u2019armoire du California : les \u00e9pices sont toujours \u00e0 port\u00e9e de main lors de la cuisson.<\/p><p>Disponible chez <a href=\"https:\/\/040parts.com\/products\/040-parts-gewurzregal-fur-t5-t6-t6-1-california-ocean-coast-comfortline-oder-camper-van-wohnmobil-oder-kuche\" target=\"_blank\" rel=\"noopener\">040<\/a><\/p>\t\t\t\t\t\t\t\t<\/div>\n\t\t\t\t<\/div>\n\t\t\t\t\t<\/div>\n\t\t<\/div>\n\t\t\t\t\t<\/div>\n\t\t<\/section>\n\t\t\t\t<section class=\"elementor-section elementor-top-section elementor-element elementor-element-04f79fb elementor-section-boxed elementor-section-height-default elementor-section-height-default\" data-id=\"04f79fb\" data-element_type=\"section\" data-e-type=\"section\">\n\t\t\t\t\t\t<div class=\"elementor-container elementor-column-gap-default\">\n\t\t\t\t\t<div class=\"elementor-column elementor-col-100 elementor-top-column elementor-element elementor-element-3934aed\" data-id=\"3934aed\" data-element_type=\"column\" data-e-type=\"column\">\n\t\t\t<div class=\"elementor-widget-wrap elementor-element-populated\">\n\t\t\t\t\t\t<div class=\"elementor-element elementor-element-c995a49 elementor-widget elementor-widget-heading\" data-id=\"c995a49\" data-element_type=\"widget\" data-e-type=\"widget\" data-widget_type=\"heading.default\">\n\t\t\t\t<div class=\"elementor-widget-container\">\n\t\t\t\t\t<h4 class=\"elementor-heading-title elementor-size-default\">Tablettes \u00e0 l'\u00e9tage<\/h4>\t\t\t\t<\/div>\n\t\t\t\t<\/div>\n\t\t\t\t\t<\/div>\n\t\t<\/div>\n\t\t\t\t\t<\/div>\n\t\t<\/section>\n\t\t\t\t<section class=\"elementor-section elementor-top-section elementor-element elementor-element-b195418 elementor-section-boxed elementor-section-height-default elementor-section-height-default\" data-id=\"b195418\" data-element_type=\"section\" data-e-type=\"section\">\n\t\t\t\t\t\t<div class=\"elementor-container elementor-column-gap-default\">\n\t\t\t\t\t<div class=\"elementor-column elementor-col-50 elementor-top-column elementor-element elementor-element-3361197\" data-id=\"3361197\" data-element_type=\"column\" data-e-type=\"column\">\n\t\t\t<div class=\"elementor-widget-wrap elementor-element-populated\">\n\t\t\t\t\t\t<div class=\"elementor-element elementor-element-e8024b7 elementor-widget elementor-widget-image\" data-id=\"e8024b7\" data-element_type=\"widget\" data-e-type=\"widget\" data-widget_type=\"image.default\">\n\t\t\t\t<div class=\"elementor-widget-container\">\n\t\t\t\t\t\t\t\t\t\t\t\t\t\t\t<img loading=\"lazy\" decoding=\"async\" width=\"900\" height=\"506\" src=\"https:\/\/www.tempsdepause.ch\/solfar\/wp-content\/uploads\/2024\/11\/IMG_4552.png\" class=\"attachment-large size-large wp-image-24148\" alt=\"\" srcset=\"https:\/\/www.tempsdepause.ch\/solfar\/wp-content\/uploads\/2024\/11\/IMG_4552.png 900w, https:\/\/www.tempsdepause.ch\/solfar\/wp-content\/uploads\/2024\/11\/IMG_4552-889x500.png 889w, https:\/\/www.tempsdepause.ch\/solfar\/wp-content\/uploads\/2024\/11\/IMG_4552-768x432.png 768w, https:\/\/www.tempsdepause.ch\/solfar\/wp-content\/uploads\/2024\/11\/IMG_4552-800x450.png 800w, https:\/\/www.tempsdepause.ch\/solfar\/wp-content\/uploads\/2024\/11\/IMG_4552-600x337.png 600w\" sizes=\"(max-width: 900px) 100vw, 900px\" \/>\t\t\t\t\t\t\t\t\t\t\t\t\t\t\t<\/div>\n\t\t\t\t<\/div>\n\t\t\t\t\t<\/div>\n\t\t<\/div>\n\t\t\t\t<div class=\"elementor-column elementor-col-50 elementor-top-column elementor-element elementor-element-826138a\" data-id=\"826138a\" data-element_type=\"column\" data-e-type=\"column\">\n\t\t\t<div class=\"elementor-widget-wrap elementor-element-populated\">\n\t\t\t\t\t\t<div class=\"elementor-element elementor-element-e52da49 elementor-widget elementor-widget-image\" data-id=\"e52da49\" data-element_type=\"widget\" data-e-type=\"widget\" data-widget_type=\"image.default\">\n\t\t\t\t<div class=\"elementor-widget-container\">\n\t\t\t\t\t\t\t\t\t\t\t\t\t\t\t<img loading=\"lazy\" decoding=\"async\" width=\"900\" height=\"506\" src=\"https:\/\/www.tempsdepause.ch\/solfar\/wp-content\/uploads\/2024\/11\/IMG_4553.png\" class=\"attachment-large size-large wp-image-24149\" alt=\"\" srcset=\"https:\/\/www.tempsdepause.ch\/solfar\/wp-content\/uploads\/2024\/11\/IMG_4553.png 900w, https:\/\/www.tempsdepause.ch\/solfar\/wp-content\/uploads\/2024\/11\/IMG_4553-889x500.png 889w, https:\/\/www.tempsdepause.ch\/solfar\/wp-content\/uploads\/2024\/11\/IMG_4553-768x432.png 768w, https:\/\/www.tempsdepause.ch\/solfar\/wp-content\/uploads\/2024\/11\/IMG_4553-800x450.png 800w, https:\/\/www.tempsdepause.ch\/solfar\/wp-content\/uploads\/2024\/11\/IMG_4553-600x337.png 600w\" sizes=\"(max-width: 900px) 100vw, 900px\" \/>\t\t\t\t\t\t\t\t\t\t\t\t\t\t\t<\/div>\n\t\t\t\t<\/div>\n\t\t\t\t\t<\/div>\n\t\t<\/div>\n\t\t\t\t\t<\/div>\n\t\t<\/section>\n\t\t\t\t<section class=\"elementor-section elementor-top-section elementor-element elementor-element-79b92e6 elementor-section-boxed elementor-section-height-default elementor-section-height-default\" data-id=\"79b92e6\" data-element_type=\"section\" data-e-type=\"section\">\n\t\t\t\t\t\t<div class=\"elementor-container elementor-column-gap-default\">\n\t\t\t\t\t<div class=\"elementor-column elementor-col-100 elementor-top-column elementor-element elementor-element-fe9717f\" data-id=\"fe9717f\" data-element_type=\"column\" data-e-type=\"column\">\n\t\t\t<div class=\"elementor-widget-wrap elementor-element-populated\">\n\t\t\t\t\t\t<div class=\"elementor-element elementor-element-1be17f6 elementor-widget elementor-widget-image\" data-id=\"1be17f6\" data-element_type=\"widget\" data-e-type=\"widget\" data-widget_type=\"image.default\">\n\t\t\t\t<div class=\"elementor-widget-container\">\n\t\t\t\t\t\t\t\t\t\t\t\t\t\t\t<img loading=\"lazy\" decoding=\"async\" width=\"900\" height=\"506\" src=\"https:\/\/www.tempsdepause.ch\/solfar\/wp-content\/uploads\/2024\/11\/IMG_4555.png\" class=\"attachment-large size-large wp-image-24150\" alt=\"\" srcset=\"https:\/\/www.tempsdepause.ch\/solfar\/wp-content\/uploads\/2024\/11\/IMG_4555.png 900w, https:\/\/www.tempsdepause.ch\/solfar\/wp-content\/uploads\/2024\/11\/IMG_4555-889x500.png 889w, https:\/\/www.tempsdepause.ch\/solfar\/wp-content\/uploads\/2024\/11\/IMG_4555-768x432.png 768w, https:\/\/www.tempsdepause.ch\/solfar\/wp-content\/uploads\/2024\/11\/IMG_4555-800x450.png 800w, https:\/\/www.tempsdepause.ch\/solfar\/wp-content\/uploads\/2024\/11\/IMG_4555-600x337.png 600w\" sizes=\"(max-width: 900px) 100vw, 900px\" \/>\t\t\t\t\t\t\t\t\t\t\t\t\t\t\t<\/div>\n\t\t\t\t<\/div>\n\t\t\t\t<div class=\"elementor-element elementor-element-940d382 elementor-widget elementor-widget-text-editor\" data-id=\"940d382\" data-element_type=\"widget\" data-e-type=\"widget\" data-widget_type=\"text-editor.default\">\n\t\t\t\t<div class=\"elementor-widget-container\">\n\t\t\t\t\t\t\t\t\t<p>Si on reste plusieurs jours stationnaire, le rendement devient vite bord\u00e9lique. En haut, sur les bords, pas trop possible d\u2019entreposer des objets.\u00a0<\/p><p>Depuis un moment je pensais mettre quelque chose pour \u00e9viter les probl\u00e8mes avec le tissus de la tente en fermant le rideau coulissant. Puis j\u2019ai imagin\u00e9 cette tablette qui offre deux supports lat\u00e9raux et r\u00e9sous ce probl\u00e9me de coincement de l\u2019Isotop de Brandup.<\/p><p>J\u2019ai utilis\u00e9 de l\u2019alu composite de 4mm avec un rev\u00e9tement anti-glisse. Cette solution offre un espace de rengement bien pratique.\u00a0<\/p>\t\t\t\t\t\t\t\t<\/div>\n\t\t\t\t<\/div>\n\t\t\t\t\t<\/div>\n\t\t<\/div>\n\t\t\t\t\t<\/div>\n\t\t<\/section>\n\t\t\t\t<section class=\"elementor-section elementor-top-section elementor-element elementor-element-60cb2ee elementor-section-boxed elementor-section-height-default elementor-section-height-default\" data-id=\"60cb2ee\" data-element_type=\"section\" data-e-type=\"section\">\n\t\t\t\t\t\t<div class=\"elementor-container elementor-column-gap-default\">\n\t\t\t\t\t<div class=\"elementor-column elementor-col-50 elementor-top-column elementor-element elementor-element-e7302ab\" data-id=\"e7302ab\" data-element_type=\"column\" data-e-type=\"column\">\n\t\t\t<div class=\"elementor-widget-wrap elementor-element-populated\">\n\t\t\t\t\t\t<div class=\"elementor-element elementor-element-3b3c0ee elementor-widget elementor-widget-image\" data-id=\"3b3c0ee\" data-element_type=\"widget\" data-e-type=\"widget\" data-widget_type=\"image.default\">\n\t\t\t\t<div class=\"elementor-widget-container\">\n\t\t\t\t\t\t\t\t\t\t\t\t\t\t\t<img loading=\"lazy\" decoding=\"async\" width=\"800\" height=\"600\" src=\"https:\/\/www.tempsdepause.ch\/solfar\/wp-content\/uploads\/2020\/01\/IMG_2407.png\" class=\"attachment-large size-large wp-image-3614\" alt=\"\" srcset=\"https:\/\/www.tempsdepause.ch\/solfar\/wp-content\/uploads\/2020\/01\/IMG_2407.png 800w, https:\/\/www.tempsdepause.ch\/solfar\/wp-content\/uploads\/2020\/01\/IMG_2407-667x500.png 667w, https:\/\/www.tempsdepause.ch\/solfar\/wp-content\/uploads\/2020\/01\/IMG_2407-768x576.png 768w, https:\/\/www.tempsdepause.ch\/solfar\/wp-content\/uploads\/2020\/01\/IMG_2407-300x225.png 300w, https:\/\/www.tempsdepause.ch\/solfar\/wp-content\/uploads\/2020\/01\/IMG_2407-600x450.png 600w\" sizes=\"(max-width: 800px) 100vw, 800px\" \/>\t\t\t\t\t\t\t\t\t\t\t\t\t\t\t<\/div>\n\t\t\t\t<\/div>\n\t\t\t\t\t<\/div>\n\t\t<\/div>\n\t\t\t\t<div class=\"elementor-column elementor-col-50 elementor-top-column elementor-element elementor-element-52e7e4c\" data-id=\"52e7e4c\" data-element_type=\"column\" data-e-type=\"column\">\n\t\t\t<div class=\"elementor-widget-wrap elementor-element-populated\">\n\t\t\t\t\t\t<div class=\"elementor-element elementor-element-84dfec2 elementor-widget elementor-widget-text-editor\" data-id=\"84dfec2\" data-element_type=\"widget\" data-e-type=\"widget\" data-widget_type=\"text-editor.default\">\n\t\t\t\t<div class=\"elementor-widget-container\">\n\t\t\t\t\t\t\t\t\t<h4>Escabeau double usage<\/h4><p>Une solution sur mesure pour le California, un espace de rangement pour les souliers qui ne prend pas de place, m\u00eame si\u00e8ge passager tourn\u00e9 et une marchepied tr\u00e8s utile pour monter dans le van par la porte lat\u00e9rale.<\/p>\t\t\t\t\t\t\t\t<\/div>\n\t\t\t\t<\/div>\n\t\t\t\t\t<\/div>\n\t\t<\/div>\n\t\t\t\t\t<\/div>\n\t\t<\/section>\n\t\t\t\t<section class=\"elementor-section elementor-top-section elementor-element elementor-element-f86beb2 elementor-section-boxed elementor-section-height-default elementor-section-height-default\" data-id=\"f86beb2\" data-element_type=\"section\" data-e-type=\"section\">\n\t\t\t\t\t\t<div class=\"elementor-container elementor-column-gap-default\">\n\t\t\t\t\t<div class=\"elementor-column elementor-col-50 elementor-top-column elementor-element elementor-element-69ff980\" data-id=\"69ff980\" data-element_type=\"column\" data-e-type=\"column\">\n\t\t\t<div class=\"elementor-widget-wrap elementor-element-populated\">\n\t\t\t\t\t\t<div class=\"elementor-element elementor-element-c80d6ce elementor-widget elementor-widget-text-editor\" data-id=\"c80d6ce\" data-element_type=\"widget\" data-e-type=\"widget\" data-widget_type=\"text-editor.default\">\n\t\t\t\t<div class=\"elementor-widget-container\">\n\t\t\t\t\t\t\t\t\t<h4>Et pour finir install\u00e9 bien \u00e0 plat\u2026<\/h4><p>Un petit niveau, fixer sur la porte me permet d\u2019ajuster d\u2019un coup d\u2019oeil le van bien plat.\u00a0<\/p><p>Sous le si\u00e8ge passager j\u2019ai 3 planchettes + derri\u00e8re le si\u00e8ge conducteur des cales rondes mini de Froli<\/p>\t\t\t\t\t\t\t\t<\/div>\n\t\t\t\t<\/div>\n\t\t\t\t\t<\/div>\n\t\t<\/div>\n\t\t\t\t<div class=\"elementor-column elementor-col-50 elementor-top-column elementor-element elementor-element-9659d17\" data-id=\"9659d17\" data-element_type=\"column\" data-e-type=\"column\">\n\t\t\t<div class=\"elementor-widget-wrap elementor-element-populated\">\n\t\t\t\t\t\t<div class=\"elementor-element elementor-element-a3448f4 elementor-widget elementor-widget-image\" data-id=\"a3448f4\" data-element_type=\"widget\" data-e-type=\"widget\" data-widget_type=\"image.default\">\n\t\t\t\t<div class=\"elementor-widget-container\">\n\t\t\t\t\t\t\t\t\t\t\t\t\t\t\t<img loading=\"lazy\" decoding=\"async\" width=\"960\" height=\"720\" src=\"https:\/\/www.tempsdepause.ch\/solfar\/wp-content\/uploads\/2019\/12\/IMG_2394.jpg\" class=\"attachment-large size-large wp-image-2074\" alt=\"\" srcset=\"https:\/\/www.tempsdepause.ch\/solfar\/wp-content\/uploads\/2019\/12\/IMG_2394.jpg 1000w, https:\/\/www.tempsdepause.ch\/solfar\/wp-content\/uploads\/2019\/12\/IMG_2394-667x500.jpg 667w, https:\/\/www.tempsdepause.ch\/solfar\/wp-content\/uploads\/2019\/12\/IMG_2394-768x576.jpg 768w, https:\/\/www.tempsdepause.ch\/solfar\/wp-content\/uploads\/2019\/12\/IMG_2394-800x600.jpg 800w, https:\/\/www.tempsdepause.ch\/solfar\/wp-content\/uploads\/2019\/12\/IMG_2394-300x225.jpg 300w, https:\/\/www.tempsdepause.ch\/solfar\/wp-content\/uploads\/2019\/12\/IMG_2394-600x450.jpg 600w\" sizes=\"(max-width: 960px) 100vw, 960px\" \/>\t\t\t\t\t\t\t\t\t\t\t\t\t\t\t<\/div>\n\t\t\t\t<\/div>\n\t\t\t\t\t<\/div>\n\t\t<\/div>\n\t\t\t\t\t<\/div>\n\t\t<\/section>\n\t\t\t\t<section class=\"elementor-section elementor-top-section elementor-element elementor-element-3c0f6e8 elementor-section-boxed elementor-section-height-default elementor-section-height-default\" data-id=\"3c0f6e8\" data-element_type=\"section\" data-e-type=\"section\">\n\t\t\t\t\t\t<div class=\"elementor-container elementor-column-gap-default\">\n\t\t\t\t\t<div class=\"elementor-column elementor-col-100 elementor-top-column elementor-element elementor-element-e02ec1e\" data-id=\"e02ec1e\" data-element_type=\"column\" data-e-type=\"column\">\n\t\t\t<div class=\"elementor-widget-wrap elementor-element-populated\">\n\t\t\t\t\t\t<div class=\"elementor-element elementor-element-40cdd1a elementor-widget elementor-widget-image\" data-id=\"40cdd1a\" data-element_type=\"widget\" data-e-type=\"widget\" data-widget_type=\"image.default\">\n\t\t\t\t<div class=\"elementor-widget-container\">\n\t\t\t\t\t\t\t\t\t\t\t\t\t\t\t<img loading=\"lazy\" decoding=\"async\" width=\"960\" height=\"540\" src=\"https:\/\/www.tempsdepause.ch\/solfar\/wp-content\/uploads\/2024\/11\/IMG_3690.png\" class=\"attachment-large size-large wp-image-24052\" alt=\"\" srcset=\"https:\/\/www.tempsdepause.ch\/solfar\/wp-content\/uploads\/2024\/11\/IMG_3690.png 1400w, https:\/\/www.tempsdepause.ch\/solfar\/wp-content\/uploads\/2024\/11\/IMG_3690-888x500.png 888w, https:\/\/www.tempsdepause.ch\/solfar\/wp-content\/uploads\/2024\/11\/IMG_3690-768x432.png 768w, https:\/\/www.tempsdepause.ch\/solfar\/wp-content\/uploads\/2024\/11\/IMG_3690-800x450.png 800w, https:\/\/www.tempsdepause.ch\/solfar\/wp-content\/uploads\/2024\/11\/IMG_3690-600x338.png 600w\" sizes=\"(max-width: 960px) 100vw, 960px\" \/>\t\t\t\t\t\t\t\t\t\t\t\t\t\t\t<\/div>\n\t\t\t\t<\/div>\n\t\t\t\t\t<\/div>\n\t\t<\/div>\n\t\t\t\t\t<\/div>\n\t\t<\/section>\n\t\t\t\t<section class=\"elementor-section elementor-top-section elementor-element elementor-element-ac7de1b elementor-section-boxed elementor-section-height-default elementor-section-height-default\" data-id=\"ac7de1b\" data-element_type=\"section\" data-e-type=\"section\">\n\t\t\t\t\t\t<div class=\"elementor-container elementor-column-gap-default\">\n\t\t\t\t\t<div class=\"elementor-column elementor-col-100 elementor-top-column elementor-element elementor-element-5d8ed28\" data-id=\"5d8ed28\" data-element_type=\"column\" data-e-type=\"column\">\n\t\t\t<div class=\"elementor-widget-wrap elementor-element-populated\">\n\t\t\t\t\t\t<div class=\"elementor-element elementor-element-0e56511 elementor-widget elementor-widget-text-editor\" data-id=\"0e56511\" data-element_type=\"widget\" data-e-type=\"widget\" data-widget_type=\"text-editor.default\">\n\t\t\t\t<div class=\"elementor-widget-container\">\n\t\t\t\t\t\t\t\t\t<h4>Et surtout profitez bien de vos escapades en van.<\/h4>\t\t\t\t\t\t\t\t<\/div>\n\t\t\t\t<\/div>\n\t\t\t\t\t<\/div>\n\t\t<\/div>\n\t\t\t\t\t<\/div>\n\t\t<\/section>\n\t\t\t\t<\/div>\n\t\t","protected":false},"excerpt":{"rendered":"<p>Les meilleures accessoires que j\u2019ai s\u00e9lectionn\u00e9 pour mon California Moustiquaire Si un accessoire est indispensable, celui-ci \u00e0 ma pr\u00e9f\u00e9rence. C\u2019est la moustiquaire la mieux con\u00e7ue.\u00a0 VanQuito moustiquaire pour la porte coulissante et l\u2019arri\u00e8re Fournisseur:\u00a0Buessli-shop.ch Bon \u00e0 savoir Montage super simple et rapide, exclusivement avec des bandes magn\u00e9tiques les bandes magn\u00e9tiques sont recouvertes de textile pour prot\u00e9ger la peinture Haute perm\u00e9abilit\u00e9 \u00e0 la lumi\u00e8re et \u00e0 l\u2019air, r\u00e9sistant aux UV et aux intemp\u00e9ries, r\u00e9sistant aux mailles et ind\u00e9formable. Mat\u00e9riau : tissu [&hellip;]<\/p>\n","protected":false},"author":2,"featured_media":0,"parent":0,"menu_order":0,"comment_status":"closed","ping_status":"closed","template":"","meta":{"footnotes":""},"class_list":["post-24152","page","type-page","status-publish","hentry"],"_links":{"self":[{"href":"https:\/\/www.tempsdepause.ch\/solfar\/wp-json\/wp\/v2\/pages\/24152","targetHints":{"allow":["GET"]}}],"collection":[{"href":"https:\/\/www.tempsdepause.ch\/solfar\/wp-json\/wp\/v2\/pages"}],"about":[{"href":"https:\/\/www.tempsdepause.ch\/solfar\/wp-json\/wp\/v2\/types\/page"}],"author":[{"embeddable":true,"href":"https:\/\/www.tempsdepause.ch\/solfar\/wp-json\/wp\/v2\/users\/2"}],"replies":[{"embeddable":true,"href":"https:\/\/www.tempsdepause.ch\/solfar\/wp-json\/wp\/v2\/comments?post=24152"}],"version-history":[{"count":3,"href":"https:\/\/www.tempsdepause.ch\/solfar\/wp-json\/wp\/v2\/pages\/24152\/revisions"}],"predecessor-version":[{"id":24244,"href":"https:\/\/www.tempsdepause.ch\/solfar\/wp-json\/wp\/v2\/pages\/24152\/revisions\/24244"}],"wp:attachment":[{"href":"https:\/\/www.tempsdepause.ch\/solfar\/wp-json\/wp\/v2\/media?parent=24152"}],"curies":[{"name":"wp","href":"https:\/\/api.w.org\/{rel}","templated":true}]}}