{"id":20692,"date":"2021-07-05T12:01:53","date_gmt":"2021-07-05T10:01:53","guid":{"rendered":"https:\/\/www.tempsdepause.ch\/solfar\/?page_id=20692"},"modified":"2021-07-18T21:08:31","modified_gmt":"2021-07-18T19:08:31","slug":"solfar-en-islande","status":"publish","type":"page","link":"https:\/\/www.tempsdepause.ch\/solfar\/islande\/solfar-en-islande\/","title":{"rendered":"Solfar en Islande"},"content":{"rendered":"\t\t<div data-elementor-type=\"wp-page\" data-elementor-id=\"20692\" class=\"elementor elementor-20692\">\n\t\t\t\t\t\t<section class=\"elementor-section elementor-top-section elementor-element elementor-element-2a53e75 elementor-section-boxed elementor-section-height-default elementor-section-height-default\" data-id=\"2a53e75\" data-element_type=\"section\" data-e-type=\"section\">\n\t\t\t\t\t\t<div class=\"elementor-container elementor-column-gap-default\">\n\t\t\t\t\t<div class=\"elementor-column elementor-col-100 elementor-top-column elementor-element elementor-element-42bfcc5\" data-id=\"42bfcc5\" data-element_type=\"column\" data-e-type=\"column\">\n\t\t\t<div class=\"elementor-widget-wrap elementor-element-populated\">\n\t\t\t\t\t\t<div class=\"elementor-element elementor-element-c153d4b elementor-widget elementor-widget-heading\" data-id=\"c153d4b\" data-element_type=\"widget\" data-e-type=\"widget\" data-widget_type=\"heading.default\">\n\t\t\t\t<div class=\"elementor-widget-container\">\n\t\t\t\t\t<h2 class=\"elementor-heading-title elementor-size-default\">Solfar en Islande<\/h2>\t\t\t\t<\/div>\n\t\t\t\t<\/div>\n\t\t\t\t\t<\/div>\n\t\t<\/div>\n\t\t\t\t\t<\/div>\n\t\t<\/section>\n\t\t\t\t<section class=\"elementor-section elementor-top-section elementor-element elementor-element-3ee2607 elementor-section-boxed elementor-section-height-default elementor-section-height-default\" data-id=\"3ee2607\" data-element_type=\"section\" data-e-type=\"section\">\n\t\t\t\t\t\t<div class=\"elementor-container elementor-column-gap-default\">\n\t\t\t\t\t<div class=\"elementor-column elementor-col-33 elementor-top-column elementor-element elementor-element-f8a4a97\" data-id=\"f8a4a97\" data-element_type=\"column\" data-e-type=\"column\">\n\t\t\t<div class=\"elementor-widget-wrap elementor-element-populated\">\n\t\t\t\t\t\t<div class=\"elementor-element elementor-element-be5c602 elementor-widget elementor-widget-image\" data-id=\"be5c602\" data-element_type=\"widget\" data-e-type=\"widget\" data-widget_type=\"image.default\">\n\t\t\t\t<div class=\"elementor-widget-container\">\n\t\t\t\t\t\t\t\t\t\t\t\t\t\t\t<img fetchpriority=\"high\" decoding=\"async\" width=\"960\" height=\"643\" src=\"https:\/\/www.tempsdepause.ch\/solfar\/wp-content\/uploads\/2021\/07\/Annelise2017071100856.png\" class=\"attachment-large size-large wp-image-20525\" alt=\"\" srcset=\"https:\/\/www.tempsdepause.ch\/solfar\/wp-content\/uploads\/2021\/07\/Annelise2017071100856.png 1000w, https:\/\/www.tempsdepause.ch\/solfar\/wp-content\/uploads\/2021\/07\/Annelise2017071100856-746x500.png 746w, https:\/\/www.tempsdepause.ch\/solfar\/wp-content\/uploads\/2021\/07\/Annelise2017071100856-768x515.png 768w, https:\/\/www.tempsdepause.ch\/solfar\/wp-content\/uploads\/2021\/07\/Annelise2017071100856-800x536.png 800w, https:\/\/www.tempsdepause.ch\/solfar\/wp-content\/uploads\/2021\/07\/Annelise2017071100856-600x402.png 600w\" sizes=\"(max-width: 960px) 100vw, 960px\" \/>\t\t\t\t\t\t\t\t\t\t\t\t\t\t\t<\/div>\n\t\t\t\t<\/div>\n\t\t\t\t\t<\/div>\n\t\t<\/div>\n\t\t\t\t<div class=\"elementor-column elementor-col-66 elementor-top-column elementor-element elementor-element-5ab5243\" data-id=\"5ab5243\" data-element_type=\"column\" data-e-type=\"column\">\n\t\t\t<div class=\"elementor-widget-wrap elementor-element-populated\">\n\t\t\t\t\t\t<div class=\"elementor-element elementor-element-4207481 elementor-widget elementor-widget-text-editor\" data-id=\"4207481\" data-element_type=\"widget\" data-e-type=\"widget\" data-widget_type=\"text-editor.default\">\n\t\t\t\t<div class=\"elementor-widget-container\">\n\t\t\t\t\t\t\t\t\t<p>Mon van s\u2019appelle Solfar \u00ab\u00a0Voyageur du Soleil\u00a0\u00bb en Islandais. Il s\u2019est appropri\u00e9 ce nom en passant devant la statue sur le port de Reykjavik. Cette magnifique sculpture en acier inoxydable, cr\u00e9\u00e9e par J\u00f3n Funnar \u00c1rnason, repr\u00e9sente un bateau viking. Elle rend honneur \u00e0 l\u2019histoire de l\u2019Islande et la tradition de d\u00e9couvreur des c\u00e9l\u00e8bres marins venu de Scandinavie. Le sculpteur pr\u00e9tendait aussi que chaque personne qui arrive \u00e0 Reykjavik, apr\u00e8s avoir vu ce bateau m\u00e9tallique, s\u2019imagine o\u00f9 il pourrait voyager avec ce dernier. Bien moi, avec Solfar on imagine, on d\u00e9couvre et on a du plaisir plein les yeux. J\u2019ai pass\u00e9 103 jours dans l\u2019ile de feu et de glace. J\u2019y serais rest\u00e9 toujours. Solfar mon Volkswagen a souffert su les pistes, us\u00e9 \u00e0 en crever 6 ou 7 fois ses pneus inadapt\u00e9s. Perdu toute l\u2019huile d\u2019un amortisseur pourtant sp\u00e9cifique pour la dure r\u00e9alit\u00e9 des pistes. D\u00e9form\u00e9 sa protection sous le moteur au fond d\u2019un gu\u00e9 sur une grosse pierre invisible. Mais sinon le T6 California est r\u00e9sistant comme une Jeep, solide comme un camion et agr\u00e9able comme une belle voiture.\u00a0<\/p><p>Pendant les cinq premi\u00e8res semaines, j\u2019\u00e9tais seul et je n\u2019ai presque crois\u00e9 personne entre les Fjords de l\u2019est, l&rsquo;Islande du nord et les Fjords de l\u2019Ouest. Partout, j\u2019ai trouv\u00e9 la place pour stationner dans des paysages de r\u00eave. Le camping sauvage n&rsquo;\u00e9tait pas encore formellement interdit sur tout le territoire. J\u2019en ai profit\u00e9 pour photographier les oiseaux, les elfes et les trolls. Puis avec mon \u00e9pouse, arriv\u00e9e en avion, nous avons parcouru le Sud, l\u2019est et les hautes terres. Trop souvent, nous avions honte du comportement des touristes, surtout ceux qui parlent notre langue. Comment les 330\u2019000 Islandais (en 2017) supportent-ils ces hordes (&gt; 2&rsquo;400&rsquo;000) de touristes indisciplin\u00e9s? Une partie en retire des b\u00e9n\u00e9fices, d\u2019autres des nuisances et la nature en subi les cons\u00e9quences. Dans des paysages enchanteurs, j&rsquo;ai vu les rangers amoureux de leur paysage, r\u00e2tel\u00e9 les traces des pas indiciplin\u00e9es, pour \u00e9viter que le reste du troupeau ne suive le mauvais exemple. Mais, elle en a vu d\u2019autres et des pires catastrophes la nature d\u2019Islande. Pourtant elle est sensible, alors si mes images d\u2019Islande vous font envie de partir. Respectez les r\u00e8gles en restant sur les sentiers et les pistes.\u00a0<\/p>\t\t\t\t\t\t\t\t<\/div>\n\t\t\t\t<\/div>\n\t\t\t\t\t<\/div>\n\t\t<\/div>\n\t\t\t\t\t<\/div>\n\t\t<\/section>\n\t\t\t\t<section class=\"elementor-section elementor-top-section elementor-element elementor-element-c8ca7a2 elementor-section-boxed elementor-section-height-default elementor-section-height-default\" data-id=\"c8ca7a2\" data-element_type=\"section\" data-e-type=\"section\">\n\t\t\t\t\t\t<div class=\"elementor-container elementor-column-gap-default\">\n\t\t\t\t\t<div class=\"elementor-column elementor-col-100 elementor-top-column elementor-element elementor-element-2dfd532\" data-id=\"2dfd532\" data-element_type=\"column\" data-e-type=\"column\">\n\t\t\t<div class=\"elementor-widget-wrap elementor-element-populated\">\n\t\t\t\t\t\t<div class=\"elementor-element elementor-element-6f93504 elementor-widget elementor-widget-image\" data-id=\"6f93504\" data-element_type=\"widget\" data-e-type=\"widget\" data-widget_type=\"image.default\">\n\t\t\t\t<div class=\"elementor-widget-container\">\n\t\t\t\t\t\t\t\t\t\t\t\t\t\t\t<img decoding=\"async\" width=\"960\" height=\"639\" src=\"https:\/\/www.tempsdepause.ch\/solfar\/wp-content\/uploads\/2021\/07\/JeanDa20170819093556.jpg\" class=\"attachment-large size-large wp-image-20698\" alt=\"\" srcset=\"https:\/\/www.tempsdepause.ch\/solfar\/wp-content\/uploads\/2021\/07\/JeanDa20170819093556.jpg 1000w, https:\/\/www.tempsdepause.ch\/solfar\/wp-content\/uploads\/2021\/07\/JeanDa20170819093556-751x500.jpg 751w, https:\/\/www.tempsdepause.ch\/solfar\/wp-content\/uploads\/2021\/07\/JeanDa20170819093556-768x511.jpg 768w, https:\/\/www.tempsdepause.ch\/solfar\/wp-content\/uploads\/2021\/07\/JeanDa20170819093556-800x533.jpg 800w, https:\/\/www.tempsdepause.ch\/solfar\/wp-content\/uploads\/2021\/07\/JeanDa20170819093556-600x400.jpg 600w\" sizes=\"(max-width: 960px) 100vw, 960px\" \/>\t\t\t\t\t\t\t\t\t\t\t\t\t\t\t<\/div>\n\t\t\t\t<\/div>\n\t\t\t\t<div class=\"elementor-element elementor-element-1d81e6e elementor-widget elementor-widget-text-editor\" data-id=\"1d81e6e\" data-element_type=\"widget\" data-e-type=\"widget\" data-widget_type=\"text-editor.default\">\n\t\t\t\t<div class=\"elementor-widget-container\">\n\t\t\t\t\t\t\t\t\t<p>Au bout de la piste F649 tout en haut du nord-ouest<\/p>\t\t\t\t\t\t\t\t<\/div>\n\t\t\t\t<\/div>\n\t\t\t\t\t<\/div>\n\t\t<\/div>\n\t\t\t\t\t<\/div>\n\t\t<\/section>\n\t\t\t\t<section class=\"elementor-section elementor-top-section elementor-element elementor-element-4e74ef9 elementor-section-boxed elementor-section-height-default elementor-section-height-default\" data-id=\"4e74ef9\" data-element_type=\"section\" data-e-type=\"section\">\n\t\t\t\t\t\t<div class=\"elementor-container elementor-column-gap-default\">\n\t\t\t\t\t<div class=\"elementor-column elementor-col-100 elementor-top-column elementor-element elementor-element-bd2a62d\" data-id=\"bd2a62d\" data-element_type=\"column\" data-e-type=\"column\">\n\t\t\t<div class=\"elementor-widget-wrap elementor-element-populated\">\n\t\t\t\t\t\t<div class=\"elementor-element elementor-element-91be613 elementor-widget elementor-widget-image\" data-id=\"91be613\" data-element_type=\"widget\" data-e-type=\"widget\" data-widget_type=\"image.default\">\n\t\t\t\t<div class=\"elementor-widget-container\">\n\t\t\t\t\t\t\t\t\t\t\t\t\t\t\t<img decoding=\"async\" width=\"960\" height=\"640\" src=\"https:\/\/www.tempsdepause.ch\/solfar\/wp-content\/uploads\/2021\/07\/IMG_2081.png\" class=\"attachment-large size-large wp-image-20703\" alt=\"\" srcset=\"https:\/\/www.tempsdepause.ch\/solfar\/wp-content\/uploads\/2021\/07\/IMG_2081.png 1000w, https:\/\/www.tempsdepause.ch\/solfar\/wp-content\/uploads\/2021\/07\/IMG_2081-750x500.png 750w, https:\/\/www.tempsdepause.ch\/solfar\/wp-content\/uploads\/2021\/07\/IMG_2081-768x512.png 768w, https:\/\/www.tempsdepause.ch\/solfar\/wp-content\/uploads\/2021\/07\/IMG_2081-800x534.png 800w, https:\/\/www.tempsdepause.ch\/solfar\/wp-content\/uploads\/2021\/07\/IMG_2081-600x400.png 600w\" sizes=\"(max-width: 960px) 100vw, 960px\" \/>\t\t\t\t\t\t\t\t\t\t\t\t\t\t\t<\/div>\n\t\t\t\t<\/div>\n\t\t\t\t<div class=\"elementor-element elementor-element-bf14f1c elementor-widget elementor-widget-text-editor\" data-id=\"bf14f1c\" data-element_type=\"widget\" data-e-type=\"widget\" data-widget_type=\"text-editor.default\">\n\t\t\t\t<div class=\"elementor-widget-container\">\n\t\t\t\t\t\t\t\t\t<p>Camping sous la chute\u00a0Sk\u00f3gafoss<\/p>\t\t\t\t\t\t\t\t<\/div>\n\t\t\t\t<\/div>\n\t\t\t\t\t<\/div>\n\t\t<\/div>\n\t\t\t\t\t<\/div>\n\t\t<\/section>\n\t\t\t\t<section class=\"elementor-section elementor-top-section elementor-element elementor-element-b3437e5 elementor-section-boxed elementor-section-height-default elementor-section-height-default\" data-id=\"b3437e5\" data-element_type=\"section\" data-e-type=\"section\">\n\t\t\t\t\t\t<div class=\"elementor-container elementor-column-gap-default\">\n\t\t\t\t\t<div class=\"elementor-column elementor-col-100 elementor-top-column elementor-element elementor-element-146d065\" data-id=\"146d065\" data-element_type=\"column\" data-e-type=\"column\">\n\t\t\t<div class=\"elementor-widget-wrap elementor-element-populated\">\n\t\t\t\t\t\t<div class=\"elementor-element elementor-element-10342a3 elementor-widget elementor-widget-image\" data-id=\"10342a3\" data-element_type=\"widget\" data-e-type=\"widget\" data-widget_type=\"image.default\">\n\t\t\t\t<div class=\"elementor-widget-container\">\n\t\t\t\t\t\t\t\t\t\t\t\t\t\t\t<img loading=\"lazy\" decoding=\"async\" width=\"960\" height=\"540\" src=\"https:\/\/www.tempsdepause.ch\/solfar\/wp-content\/uploads\/2021\/06\/IMG_2364.png\" class=\"attachment-large size-large wp-image-20339\" alt=\"\" srcset=\"https:\/\/www.tempsdepause.ch\/solfar\/wp-content\/uploads\/2021\/06\/IMG_2364.png 1000w, https:\/\/www.tempsdepause.ch\/solfar\/wp-content\/uploads\/2021\/06\/IMG_2364-800x450.png 800w, https:\/\/www.tempsdepause.ch\/solfar\/wp-content\/uploads\/2021\/06\/IMG_2364-768x432.png 768w, https:\/\/www.tempsdepause.ch\/solfar\/wp-content\/uploads\/2021\/06\/IMG_2364-600x338.png 600w\" sizes=\"(max-width: 960px) 100vw, 960px\" \/>\t\t\t\t\t\t\t\t\t\t\t\t\t\t\t<\/div>\n\t\t\t\t<\/div>\n\t\t\t\t<div class=\"elementor-element elementor-element-9319db1 elementor-widget elementor-widget-text-editor\" data-id=\"9319db1\" data-element_type=\"widget\" data-e-type=\"widget\" data-widget_type=\"text-editor.default\">\n\t\t\t\t<div class=\"elementor-widget-container\">\n\t\t\t\t\t\t\t\t\t<p>Un paradis sous le soleil dans les Fjord de l&rsquo;ouest<\/p>\t\t\t\t\t\t\t\t<\/div>\n\t\t\t\t<\/div>\n\t\t\t\t\t<\/div>\n\t\t<\/div>\n\t\t\t\t\t<\/div>\n\t\t<\/section>\n\t\t\t\t<section class=\"elementor-section elementor-top-section elementor-element elementor-element-6aedc42 elementor-section-boxed elementor-section-height-default elementor-section-height-default\" data-id=\"6aedc42\" data-element_type=\"section\" data-e-type=\"section\">\n\t\t\t\t\t\t<div class=\"elementor-container elementor-column-gap-default\">\n\t\t\t\t\t<div class=\"elementor-column elementor-col-33 elementor-top-column elementor-element elementor-element-e75e822\" data-id=\"e75e822\" data-element_type=\"column\" data-e-type=\"column\">\n\t\t\t<div class=\"elementor-widget-wrap elementor-element-populated\">\n\t\t\t\t\t\t<div class=\"elementor-element elementor-element-add8ee0 elementor-widget elementor-widget-heading\" data-id=\"add8ee0\" data-element_type=\"widget\" data-e-type=\"widget\" data-widget_type=\"heading.default\">\n\t\t\t\t<div class=\"elementor-widget-container\">\n\t\t\t\t\t<h4 class=\"elementor-heading-title elementor-size-default\">Modifications n\u00e9cessaires<\/h4>\t\t\t\t<\/div>\n\t\t\t\t<\/div>\n\t\t\t\t<div class=\"elementor-element elementor-element-6970530 elementor-widget elementor-widget-text-editor\" data-id=\"6970530\" data-element_type=\"widget\" data-e-type=\"widget\" data-widget_type=\"text-editor.default\">\n\t\t\t\t<div class=\"elementor-widget-container\">\n\t\t\t\t\t\t\t\t\t<p>l y a m\u00eame de gros blancs qui ne quittent pas la N1. Donc l&rsquo;Islande est accessible \u00e0 tous les v\u00e9hicules, m\u00eame les planches \u00e0 roulettes, pour faire le tour de l&rsquo;\u00eele sur la N1 goudronn\u00e9e. Il y a les passionn\u00e9s de m\u00e9caniques qui sortent leurs montures 4&#215;4 impressionnantes pour parcourir les pistes. Et beaucoup savent profiter des avantages des Bulli de VW. De magnifique T3 4&#215;4 au T6 4 Motion modifi\u00e9s passent presque partout. Attention tout de m\u00eame \u00e0 ne pas sous-estimer la nature ! L&rsquo;eau \u00e0 la force de d\u00e9placer des rochers, alors m\u00eame le plus gros 4&#215;4 peut \u00eatre emport\u00e9 dans une rivi\u00e8re tumultueuse. Avec nos 4Motion et autres Duster 4&#215;4 et Suzuki, je ne conseille pas de d\u00e9passer la hauteur de roue. Seuls les pilotes exp\u00e9riment\u00e9s avec de gros 4&#215;4 peuvent prendre le risque si l&rsquo;eau risque de retourner la voiture. Comme nous ne pouvons pas rouler au pas en 1\u00e8re avec le couple n\u00e9cessaire, il faut souvent faire patiner un peu l&#8217;embrayage pour ne pas caler au milieu de l&rsquo;eau.\u00a0<\/p>\t\t\t\t\t\t\t\t<\/div>\n\t\t\t\t<\/div>\n\t\t\t\t\t<\/div>\n\t\t<\/div>\n\t\t\t\t<div class=\"elementor-column elementor-col-33 elementor-top-column elementor-element elementor-element-c95be0a\" data-id=\"c95be0a\" data-element_type=\"column\" data-e-type=\"column\">\n\t\t\t<div class=\"elementor-widget-wrap elementor-element-populated\">\n\t\t\t\t\t\t<div class=\"elementor-element elementor-element-ba158ec elementor-widget elementor-widget-image\" data-id=\"ba158ec\" data-element_type=\"widget\" data-e-type=\"widget\" data-widget_type=\"image.default\">\n\t\t\t\t<div class=\"elementor-widget-container\">\n\t\t\t\t\t\t\t\t\t\t\t\t\t\t\t<img loading=\"lazy\" decoding=\"async\" width=\"800\" height=\"532\" src=\"https:\/\/www.tempsdepause.ch\/solfar\/wp-content\/uploads\/2021\/07\/JeanDa20170612006179.png\" class=\"attachment-large size-large wp-image-20937\" alt=\"\" srcset=\"https:\/\/www.tempsdepause.ch\/solfar\/wp-content\/uploads\/2021\/07\/JeanDa20170612006179.png 800w, https:\/\/www.tempsdepause.ch\/solfar\/wp-content\/uploads\/2021\/07\/JeanDa20170612006179-752x500.png 752w, https:\/\/www.tempsdepause.ch\/solfar\/wp-content\/uploads\/2021\/07\/JeanDa20170612006179-768x511.png 768w, https:\/\/www.tempsdepause.ch\/solfar\/wp-content\/uploads\/2021\/07\/JeanDa20170612006179-600x399.png 600w\" sizes=\"(max-width: 800px) 100vw, 800px\" \/>\t\t\t\t\t\t\t\t\t\t\t\t\t\t\t<\/div>\n\t\t\t\t<\/div>\n\t\t\t\t<div class=\"elementor-element elementor-element-c2a7920 elementor-widget elementor-widget-text-editor\" data-id=\"c2a7920\" data-element_type=\"widget\" data-e-type=\"widget\" data-widget_type=\"text-editor.default\">\n\t\t\t\t<div class=\"elementor-widget-container\">\n\t\t\t\t\t\t\t\t\t<p>Protection sous moteur et sous le pont arri\u00e8re de Seikel.<\/p><p>Indispensable, j&rsquo;en ai la preuve&#8230;<\/p>\t\t\t\t\t\t\t\t<\/div>\n\t\t\t\t<\/div>\n\t\t\t\t\t<\/div>\n\t\t<\/div>\n\t\t\t\t<div class=\"elementor-column elementor-col-33 elementor-top-column elementor-element elementor-element-3351a80\" data-id=\"3351a80\" data-element_type=\"column\" data-e-type=\"column\">\n\t\t\t<div class=\"elementor-widget-wrap elementor-element-populated\">\n\t\t\t\t\t\t<div class=\"elementor-element elementor-element-d8df4c3 elementor-widget elementor-widget-image\" data-id=\"d8df4c3\" data-element_type=\"widget\" data-e-type=\"widget\" data-widget_type=\"image.default\">\n\t\t\t\t<div class=\"elementor-widget-container\">\n\t\t\t\t\t\t\t\t\t\t\t\t\t\t\t<img loading=\"lazy\" decoding=\"async\" width=\"800\" height=\"532\" src=\"https:\/\/www.tempsdepause.ch\/solfar\/wp-content\/uploads\/2021\/07\/JeanDa20170612006177.png\" class=\"attachment-large size-large wp-image-20938\" alt=\"\" srcset=\"https:\/\/www.tempsdepause.ch\/solfar\/wp-content\/uploads\/2021\/07\/JeanDa20170612006177.png 800w, https:\/\/www.tempsdepause.ch\/solfar\/wp-content\/uploads\/2021\/07\/JeanDa20170612006177-752x500.png 752w, https:\/\/www.tempsdepause.ch\/solfar\/wp-content\/uploads\/2021\/07\/JeanDa20170612006177-768x511.png 768w, https:\/\/www.tempsdepause.ch\/solfar\/wp-content\/uploads\/2021\/07\/JeanDa20170612006177-600x399.png 600w\" sizes=\"(max-width: 800px) 100vw, 800px\" \/>\t\t\t\t\t\t\t\t\t\t\t\t\t\t\t<\/div>\n\t\t\t\t<\/div>\n\t\t\t\t<div class=\"elementor-element elementor-element-efe39cd elementor-widget elementor-widget-text-editor\" data-id=\"efe39cd\" data-element_type=\"widget\" data-e-type=\"widget\" data-widget_type=\"text-editor.default\">\n\t\t\t\t<div class=\"elementor-widget-container\">\n\t\t\t\t\t\t\t\t\t<p>Prise d&rsquo;air modifi\u00e9e soit simplement sous le pare-brise, solution Terranger que j&rsquo;ai choisie.<\/p><p>Ou solution avec Tuba pour faire baroudeur.<\/p>\t\t\t\t\t\t\t\t<\/div>\n\t\t\t\t<\/div>\n\t\t\t\t\t<\/div>\n\t\t<\/div>\n\t\t\t\t\t<\/div>\n\t\t<\/section>\n\t\t\t\t<section class=\"elementor-section elementor-top-section elementor-element elementor-element-5ede1fa elementor-section-boxed elementor-section-height-default elementor-section-height-default\" data-id=\"5ede1fa\" data-element_type=\"section\" data-e-type=\"section\">\n\t\t\t\t\t\t<div class=\"elementor-container elementor-column-gap-default\">\n\t\t\t\t\t<div class=\"elementor-column elementor-col-33 elementor-top-column elementor-element elementor-element-b03fce4\" data-id=\"b03fce4\" data-element_type=\"column\" data-e-type=\"column\">\n\t\t\t<div class=\"elementor-widget-wrap elementor-element-populated\">\n\t\t\t\t\t\t<div class=\"elementor-element elementor-element-f7fedcc elementor-widget elementor-widget-image\" data-id=\"f7fedcc\" data-element_type=\"widget\" data-e-type=\"widget\" data-widget_type=\"image.default\">\n\t\t\t\t<div class=\"elementor-widget-container\">\n\t\t\t\t\t\t\t\t\t\t\t\t\t\t\t<img loading=\"lazy\" decoding=\"async\" width=\"600\" height=\"401\" src=\"https:\/\/www.tempsdepause.ch\/solfar\/wp-content\/uploads\/2021\/07\/koni.jpg\" class=\"attachment-large size-large wp-image-20939\" alt=\"\" \/>\t\t\t\t\t\t\t\t\t\t\t\t\t\t\t<\/div>\n\t\t\t\t<\/div>\n\t\t\t\t<div class=\"elementor-element elementor-element-5659105 elementor-widget elementor-widget-text-editor\" data-id=\"5659105\" data-element_type=\"widget\" data-e-type=\"widget\" data-widget_type=\"text-editor.default\">\n\t\t\t\t<div class=\"elementor-widget-container\">\n\t\t\t\t\t\t\t\t\t<p>Amortisseurs Koni rehausse de AV. 3 cm et 7 cm arri\u00e8re. \u00ab\u00a0Dessert HD\u00a0\u00bb de Seikel<\/p><p>Tr\u00e8s utile m\u00eame sur nos routes car le California en est transform\u00e9.\u00a0<\/p>\t\t\t\t\t\t\t\t<\/div>\n\t\t\t\t<\/div>\n\t\t\t\t\t<\/div>\n\t\t<\/div>\n\t\t\t\t<div class=\"elementor-column elementor-col-33 elementor-top-column elementor-element elementor-element-1b9ae05\" data-id=\"1b9ae05\" data-element_type=\"column\" data-e-type=\"column\">\n\t\t\t<div class=\"elementor-widget-wrap elementor-element-populated\">\n\t\t\t\t\t\t<div class=\"elementor-element elementor-element-f6329a4 elementor-widget elementor-widget-image\" data-id=\"f6329a4\" data-element_type=\"widget\" data-e-type=\"widget\" data-widget_type=\"image.default\">\n\t\t\t\t<div class=\"elementor-widget-container\">\n\t\t\t\t\t\t\t\t\t\t\t\t\t\t\t<img loading=\"lazy\" decoding=\"async\" width=\"600\" height=\"375\" src=\"https:\/\/www.tempsdepause.ch\/solfar\/wp-content\/uploads\/2021\/07\/protectionAir.jpeg\" class=\"attachment-large size-large wp-image-20940\" alt=\"\" \/>\t\t\t\t\t\t\t\t\t\t\t\t\t\t\t<\/div>\n\t\t\t\t<\/div>\n\t\t\t\t<div class=\"elementor-element elementor-element-bd026c1 elementor-widget elementor-widget-text-editor\" data-id=\"bd026c1\" data-element_type=\"widget\" data-e-type=\"widget\" data-widget_type=\"text-editor.default\">\n\t\t\t\t<div class=\"elementor-widget-container\">\n\t\t\t\t\t\t\t\t\t<p>Syst\u00e8me permettant de remonter les mise \u00e0 l&rsquo;air de la bo\u00eete \u00e0 vitesse et du pont arri\u00e8re. Sans cela, dans les gu\u00e9s, l&rsquo;eau va \u00eatre aspir\u00e9e et m\u00e9lang\u00e9e \u00e0 l&rsquo;huile la destruction du pont Haldex est certaine.<\/p>\t\t\t\t\t\t\t\t<\/div>\n\t\t\t\t<\/div>\n\t\t\t\t\t<\/div>\n\t\t<\/div>\n\t\t\t\t<div class=\"elementor-column elementor-col-33 elementor-top-column elementor-element elementor-element-f6553ae\" data-id=\"f6553ae\" data-element_type=\"column\" data-e-type=\"column\">\n\t\t\t<div class=\"elementor-widget-wrap elementor-element-populated\">\n\t\t\t\t\t\t<div class=\"elementor-element elementor-element-6240f18 elementor-widget elementor-widget-image\" data-id=\"6240f18\" data-element_type=\"widget\" data-e-type=\"widget\" data-widget_type=\"image.default\">\n\t\t\t\t<div class=\"elementor-widget-container\">\n\t\t\t\t\t\t\t\t\t\t\t\t\t\t\t<img loading=\"lazy\" decoding=\"async\" width=\"600\" height=\"450\" src=\"https:\/\/www.tempsdepause.ch\/solfar\/wp-content\/uploads\/2021\/07\/IMG_0747.jpg\" class=\"attachment-large size-large wp-image-20941\" alt=\"\" srcset=\"https:\/\/www.tempsdepause.ch\/solfar\/wp-content\/uploads\/2021\/07\/IMG_0747.jpg 600w, https:\/\/www.tempsdepause.ch\/solfar\/wp-content\/uploads\/2021\/07\/IMG_0747-300x225.jpg 300w\" sizes=\"(max-width: 600px) 100vw, 600px\" \/>\t\t\t\t\t\t\t\t\t\t\t\t\t\t\t<\/div>\n\t\t\t\t<\/div>\n\t\t\t\t<div class=\"elementor-element elementor-element-b0786ff elementor-widget elementor-widget-text-editor\" data-id=\"b0786ff\" data-element_type=\"widget\" data-e-type=\"widget\" data-widget_type=\"text-editor.default\">\n\t\t\t\t<div class=\"elementor-widget-container\">\n\t\t\t\t\t\t\t\t\t<p>Les pneus route neufs ne r\u00e9sistent pas \u00e0 l&rsquo;abrasion des routes gravillonneuses. Choisissez un profil AT \u00ab\u00a0All Terrain\u00a0\u00bb comme ces G\u00e9n\u00e9ral Grabber AT3 235\/65 R17<\/p>\t\t\t\t\t\t\t\t<\/div>\n\t\t\t\t<\/div>\n\t\t\t\t\t<\/div>\n\t\t<\/div>\n\t\t\t\t\t<\/div>\n\t\t<\/section>\n\t\t\t\t<section class=\"elementor-section elementor-top-section elementor-element elementor-element-4e1f498 elementor-section-boxed elementor-section-height-default elementor-section-height-default\" data-id=\"4e1f498\" data-element_type=\"section\" data-e-type=\"section\">\n\t\t\t\t\t\t<div class=\"elementor-container elementor-column-gap-default\">\n\t\t\t\t\t<div class=\"elementor-column elementor-col-50 elementor-top-column elementor-element elementor-element-0191cf0\" data-id=\"0191cf0\" data-element_type=\"column\" data-e-type=\"column\">\n\t\t\t<div class=\"elementor-widget-wrap elementor-element-populated\">\n\t\t\t\t\t\t<div class=\"elementor-element elementor-element-0541701 elementor-widget elementor-widget-image\" data-id=\"0541701\" data-element_type=\"widget\" data-e-type=\"widget\" data-widget_type=\"image.default\">\n\t\t\t\t<div class=\"elementor-widget-container\">\n\t\t\t\t\t\t\t\t\t\t\t\t\t\t\t<img loading=\"lazy\" decoding=\"async\" width=\"800\" height=\"536\" src=\"https:\/\/www.tempsdepause.ch\/solfar\/wp-content\/uploads\/2021\/07\/Annelise2017080901473.jpg\" class=\"attachment-large size-large wp-image-20942\" alt=\"\" srcset=\"https:\/\/www.tempsdepause.ch\/solfar\/wp-content\/uploads\/2021\/07\/Annelise2017080901473.jpg 800w, https:\/\/www.tempsdepause.ch\/solfar\/wp-content\/uploads\/2021\/07\/Annelise2017080901473-746x500.jpg 746w, https:\/\/www.tempsdepause.ch\/solfar\/wp-content\/uploads\/2021\/07\/Annelise2017080901473-768x515.jpg 768w, https:\/\/www.tempsdepause.ch\/solfar\/wp-content\/uploads\/2021\/07\/Annelise2017080901473-600x402.jpg 600w\" sizes=\"(max-width: 800px) 100vw, 800px\" \/>\t\t\t\t\t\t\t\t\t\t\t\t\t\t\t<\/div>\n\t\t\t\t<\/div>\n\t\t\t\t<div class=\"elementor-element elementor-element-ee986eb elementor-widget elementor-widget-text-editor\" data-id=\"ee986eb\" data-element_type=\"widget\" data-e-type=\"widget\" data-widget_type=\"text-editor.default\">\n\t\t\t\t<div class=\"elementor-widget-container\">\n\t\t\t\t\t\t\t\t\t<p>Apr\u00e8s 4 semaines les routes gravionneuses avait diminuer le profil de mes pneus route \u00e0 3-4 mm. Puis les crevaisons se sont encha\u00een\u00e9es. Pourquoi ? Le gravier est obtenu par concassage. Il en r\u00e9sulte de fines aiguilles ac\u00e9r\u00e9e comme des scalpels. 6 ou 7 crevaisons ! un pneu \u00e9chang\u00e9 sur place et \u00e0 la fin du s\u00e9jour cela devait intenable. Depuis j&rsquo;ai install\u00e9 un compresseur et j&rsquo;ai les outils de r\u00e9paration&#8230; Et des pneus adapt\u00e9s !<\/p>\t\t\t\t\t\t\t\t<\/div>\n\t\t\t\t<\/div>\n\t\t\t\t\t<\/div>\n\t\t<\/div>\n\t\t\t\t<div class=\"elementor-column elementor-col-50 elementor-top-column elementor-element elementor-element-5821501\" data-id=\"5821501\" data-element_type=\"column\" data-e-type=\"column\">\n\t\t\t<div class=\"elementor-widget-wrap elementor-element-populated\">\n\t\t\t\t\t\t<div class=\"elementor-element elementor-element-bc5066a elementor-widget elementor-widget-image\" data-id=\"bc5066a\" data-element_type=\"widget\" data-e-type=\"widget\" data-widget_type=\"image.default\">\n\t\t\t\t<div class=\"elementor-widget-container\">\n\t\t\t\t\t\t\t\t\t\t\t\t\t\t\t<img loading=\"lazy\" decoding=\"async\" width=\"800\" height=\"536\" src=\"https:\/\/www.tempsdepause.ch\/solfar\/wp-content\/uploads\/2021\/07\/Annelise2017082001836.jpg\" class=\"attachment-large size-large wp-image-20943\" alt=\"\" srcset=\"https:\/\/www.tempsdepause.ch\/solfar\/wp-content\/uploads\/2021\/07\/Annelise2017082001836.jpg 800w, https:\/\/www.tempsdepause.ch\/solfar\/wp-content\/uploads\/2021\/07\/Annelise2017082001836-746x500.jpg 746w, https:\/\/www.tempsdepause.ch\/solfar\/wp-content\/uploads\/2021\/07\/Annelise2017082001836-768x515.jpg 768w, https:\/\/www.tempsdepause.ch\/solfar\/wp-content\/uploads\/2021\/07\/Annelise2017082001836-600x402.jpg 600w\" sizes=\"(max-width: 800px) 100vw, 800px\" \/>\t\t\t\t\t\t\t\t\t\t\t\t\t\t\t<\/div>\n\t\t\t\t<\/div>\n\t\t\t\t\t<\/div>\n\t\t<\/div>\n\t\t\t\t\t<\/div>\n\t\t<\/section>\n\t\t\t\t<section class=\"elementor-section elementor-top-section elementor-element elementor-element-4f584ea elementor-section-boxed elementor-section-height-default elementor-section-height-default\" data-id=\"4f584ea\" data-element_type=\"section\" data-e-type=\"section\">\n\t\t\t\t\t\t<div class=\"elementor-container elementor-column-gap-default\">\n\t\t\t\t\t<div class=\"elementor-column elementor-col-50 elementor-top-column elementor-element elementor-element-3183d50\" data-id=\"3183d50\" data-element_type=\"column\" data-e-type=\"column\">\n\t\t\t<div class=\"elementor-widget-wrap elementor-element-populated\">\n\t\t\t\t\t\t<div class=\"elementor-element elementor-element-80b575f elementor-widget elementor-widget-image\" data-id=\"80b575f\" data-element_type=\"widget\" data-e-type=\"widget\" data-widget_type=\"image.default\">\n\t\t\t\t<div class=\"elementor-widget-container\">\n\t\t\t\t\t\t\t\t\t\t\t\t\t\t\t\t<a href=\"https:\/\/international-photographer.com\/product\/carte-islande\/\" target=\"_blank\">\n\t\t\t\t\t\t\t<img loading=\"lazy\" decoding=\"async\" width=\"900\" height=\"900\" src=\"https:\/\/www.tempsdepause.ch\/solfar\/wp-content\/uploads\/2021\/07\/MAP-ICELAND-3.jpg\" class=\"attachment-large size-large wp-image-20712\" alt=\"\" srcset=\"https:\/\/www.tempsdepause.ch\/solfar\/wp-content\/uploads\/2021\/07\/MAP-ICELAND-3.jpg 900w, https:\/\/www.tempsdepause.ch\/solfar\/wp-content\/uploads\/2021\/07\/MAP-ICELAND-3-500x500.jpg 500w, https:\/\/www.tempsdepause.ch\/solfar\/wp-content\/uploads\/2021\/07\/MAP-ICELAND-3-150x150.jpg 150w, https:\/\/www.tempsdepause.ch\/solfar\/wp-content\/uploads\/2021\/07\/MAP-ICELAND-3-768x768.jpg 768w, https:\/\/www.tempsdepause.ch\/solfar\/wp-content\/uploads\/2021\/07\/MAP-ICELAND-3-770x770.jpg 770w, https:\/\/www.tempsdepause.ch\/solfar\/wp-content\/uploads\/2021\/07\/MAP-ICELAND-3-160x160.jpg 160w, https:\/\/www.tempsdepause.ch\/solfar\/wp-content\/uploads\/2021\/07\/MAP-ICELAND-3-800x800.jpg 800w, https:\/\/www.tempsdepause.ch\/solfar\/wp-content\/uploads\/2021\/07\/MAP-ICELAND-3-600x600.jpg 600w, https:\/\/www.tempsdepause.ch\/solfar\/wp-content\/uploads\/2021\/07\/MAP-ICELAND-3-100x100.jpg 100w\" sizes=\"(max-width: 900px) 100vw, 900px\" \/>\t\t\t\t\t\t\t\t<\/a>\n\t\t\t\t\t\t\t\t\t\t\t\t\t\t\t<\/div>\n\t\t\t\t<\/div>\n\t\t\t\t\t<\/div>\n\t\t<\/div>\n\t\t\t\t<div class=\"elementor-column elementor-col-50 elementor-top-column elementor-element elementor-element-30e774c\" data-id=\"30e774c\" data-element_type=\"column\" data-e-type=\"column\">\n\t\t\t<div class=\"elementor-widget-wrap elementor-element-populated\">\n\t\t\t\t\t\t<div class=\"elementor-element elementor-element-4c57d3e elementor-widget elementor-widget-heading\" data-id=\"4c57d3e\" data-element_type=\"widget\" data-e-type=\"widget\" data-widget_type=\"heading.default\">\n\t\t\t\t<div class=\"elementor-widget-container\">\n\t\t\t\t\t<h4 class=\"elementor-heading-title elementor-size-default\">Cette carte est indispensable<\/h4>\t\t\t\t<\/div>\n\t\t\t\t<\/div>\n\t\t\t\t<div class=\"elementor-element elementor-element-4b78434 elementor-widget elementor-widget-text-editor\" data-id=\"4b78434\" data-element_type=\"widget\" data-e-type=\"widget\" data-widget_type=\"text-editor.default\">\n\t\t\t\t<div class=\"elementor-widget-container\">\n\t\t\t\t\t\t\t\t\t<p>Carte touristique par excellence, la <a href=\"https:\/\/www.islande-explora.com\/blog\/presentation-carte-international-photographer\/\" target=\"_blank\" rel=\"noopener\">carte INTERNATIONAL PHOTOGRAPHER<\/a> vous propose de r\u00e9unir dans un seul document les informations indispensables \u00e0 tout voyageur en Islande :<\/p><ul><li>Les reliefs de l\u2019\u00eele avec les principaux glaciers sont repr\u00e9sent\u00e9s<\/li><li>Les routes avec leurs num\u00e9ros, mais aussi le temps de parcours sur certains pistes, apparaissent<\/li><li>Les principaux centres d\u2019int\u00e9r\u00eats naturels class\u00e9s par niveau : cascades, montagnes, volcans, glaciers, fjords, etc.<\/li><li>Les zones naturelles int\u00e9ressantes pour leur faune (phoques, oiseaux, renards polaires) ou flore (lupins en fleur).<\/li><li>Et pleins d\u2019autres infos comme l\u2019emplacement des \u00e9paves, l\u2019heure de coucher et de lever du soleil, etc.<\/li><\/ul><p>Pour d\u00e9couvrir plus en d\u00e9tail cette carte, rendez-vous directement <a href=\"https:\/\/international-photographer.com\/product\/carte-islande\/\" target=\"_blank\" rel=\"noopener\">sur cette page !<\/a><\/p>\t\t\t\t\t\t\t\t<\/div>\n\t\t\t\t<\/div>\n\t\t\t\t\t<\/div>\n\t\t<\/div>\n\t\t\t\t\t<\/div>\n\t\t<\/section>\n\t\t\t\t<section class=\"elementor-section elementor-top-section elementor-element elementor-element-ec30e06 elementor-section-boxed elementor-section-height-default elementor-section-height-default\" data-id=\"ec30e06\" data-element_type=\"section\" data-e-type=\"section\">\n\t\t\t\t\t\t<div class=\"elementor-container elementor-column-gap-default\">\n\t\t\t\t\t<div class=\"elementor-column elementor-col-25 elementor-top-column elementor-element elementor-element-8e5e764\" data-id=\"8e5e764\" data-element_type=\"column\" data-e-type=\"column\">\n\t\t\t<div class=\"elementor-widget-wrap elementor-element-populated\">\n\t\t\t\t\t\t<div class=\"elementor-element elementor-element-81eb61e elementor-widget elementor-widget-image\" data-id=\"81eb61e\" data-element_type=\"widget\" data-e-type=\"widget\" data-widget_type=\"image.default\">\n\t\t\t\t<div class=\"elementor-widget-container\">\n\t\t\t\t\t\t\t\t\t\t\t\t\t\t\t<img loading=\"lazy\" decoding=\"async\" width=\"400\" height=\"300\" src=\"https:\/\/www.tempsdepause.ch\/solfar\/wp-content\/uploads\/2021\/07\/IMG_4306.jpg\" class=\"attachment-large size-large wp-image-20952\" alt=\"\" srcset=\"https:\/\/www.tempsdepause.ch\/solfar\/wp-content\/uploads\/2021\/07\/IMG_4306.jpg 400w, https:\/\/www.tempsdepause.ch\/solfar\/wp-content\/uploads\/2021\/07\/IMG_4306-300x225.jpg 300w\" sizes=\"(max-width: 400px) 100vw, 400px\" \/>\t\t\t\t\t\t\t\t\t\t\t\t\t\t\t<\/div>\n\t\t\t\t<\/div>\n\t\t\t\t<div class=\"elementor-element elementor-element-ee1e6c9 elementor-widget elementor-widget-text-editor\" data-id=\"ee1e6c9\" data-element_type=\"widget\" data-e-type=\"widget\" data-widget_type=\"text-editor.default\">\n\t\t\t\t<div class=\"elementor-widget-container\">\n\t\t\t\t\t\t\t\t\t<p>Cartes au 1:250&rsquo;000 avec tous les d\u00e9tails indispensables, les campings, les refuges de montagne, les piscines, les stations services&#8230; Et les gu\u00e9s signal\u00e9s par un V \u00ab\u00a0Va\u00f5\u00a0\u00bb<\/p>\t\t\t\t\t\t\t\t<\/div>\n\t\t\t\t<\/div>\n\t\t\t\t\t<\/div>\n\t\t<\/div>\n\t\t\t\t<div class=\"elementor-column elementor-col-25 elementor-top-column elementor-element elementor-element-6240efc\" data-id=\"6240efc\" data-element_type=\"column\" data-e-type=\"column\">\n\t\t\t<div class=\"elementor-widget-wrap elementor-element-populated\">\n\t\t\t\t\t\t<div class=\"elementor-element elementor-element-d1f9198 elementor-widget elementor-widget-image\" data-id=\"d1f9198\" data-element_type=\"widget\" data-e-type=\"widget\" data-widget_type=\"image.default\">\n\t\t\t\t<div class=\"elementor-widget-container\">\n\t\t\t\t\t\t\t\t\t\t\t\t\t\t\t<img loading=\"lazy\" decoding=\"async\" width=\"400\" height=\"300\" src=\"https:\/\/www.tempsdepause.ch\/solfar\/wp-content\/uploads\/2021\/07\/IMG_4307.jpg\" class=\"attachment-large size-large wp-image-20951\" alt=\"\" srcset=\"https:\/\/www.tempsdepause.ch\/solfar\/wp-content\/uploads\/2021\/07\/IMG_4307.jpg 400w, https:\/\/www.tempsdepause.ch\/solfar\/wp-content\/uploads\/2021\/07\/IMG_4307-300x225.jpg 300w\" sizes=\"(max-width: 400px) 100vw, 400px\" \/>\t\t\t\t\t\t\t\t\t\t\t\t\t\t\t<\/div>\n\t\t\t\t<\/div>\n\t\t\t\t<div class=\"elementor-element elementor-element-4eb11f1 elementor-widget elementor-widget-text-editor\" data-id=\"4eb11f1\" data-element_type=\"widget\" data-e-type=\"widget\" data-widget_type=\"text-editor.default\">\n\t\t\t\t<div class=\"elementor-widget-container\">\n\t\t\t\t\t\t\t\t\t<p>Ici l&rsquo;Askja, on voit les sources chaudes en rouge, les fissures et la bave, les zones de scories et de sable. Au carrefour de la F910 et F894, il y a le refuge et le camping.<\/p><p>\u00a0<\/p>\t\t\t\t\t\t\t\t<\/div>\n\t\t\t\t<\/div>\n\t\t\t\t\t<\/div>\n\t\t<\/div>\n\t\t\t\t<div class=\"elementor-column elementor-col-25 elementor-top-column elementor-element elementor-element-0060360\" data-id=\"0060360\" data-element_type=\"column\" data-e-type=\"column\">\n\t\t\t<div class=\"elementor-widget-wrap elementor-element-populated\">\n\t\t\t\t\t\t<div class=\"elementor-element elementor-element-4918ad0 elementor-widget elementor-widget-image\" data-id=\"4918ad0\" data-element_type=\"widget\" data-e-type=\"widget\" data-widget_type=\"image.default\">\n\t\t\t\t<div class=\"elementor-widget-container\">\n\t\t\t\t\t\t\t\t\t\t\t\t\t\t\t<img loading=\"lazy\" decoding=\"async\" width=\"300\" height=\"400\" src=\"https:\/\/www.tempsdepause.ch\/solfar\/wp-content\/uploads\/2021\/07\/IMG_4308.jpg\" class=\"attachment-large size-large wp-image-20950\" alt=\"\" \/>\t\t\t\t\t\t\t\t\t\t\t\t\t\t\t<\/div>\n\t\t\t\t<\/div>\n\t\t\t\t<div class=\"elementor-element elementor-element-b0ca546 elementor-widget elementor-widget-text-editor\" data-id=\"b0ca546\" data-element_type=\"widget\" data-e-type=\"widget\" data-widget_type=\"text-editor.default\">\n\t\t\t\t<div class=\"elementor-widget-container\">\n\t\t\t\t\t\t\t\t\t<p>Disponible en 4 cartes + une 5\u00e8me recoupant les 4 pour la partie des hautes terres.<\/p>\t\t\t\t\t\t\t\t<\/div>\n\t\t\t\t<\/div>\n\t\t\t\t\t<\/div>\n\t\t<\/div>\n\t\t\t\t<div class=\"elementor-column elementor-col-25 elementor-top-column elementor-element elementor-element-8917ffa\" data-id=\"8917ffa\" data-element_type=\"column\" data-e-type=\"column\">\n\t\t\t<div class=\"elementor-widget-wrap elementor-element-populated\">\n\t\t\t\t\t\t<div class=\"elementor-element elementor-element-ba3d7d5 elementor-widget elementor-widget-image\" data-id=\"ba3d7d5\" data-element_type=\"widget\" data-e-type=\"widget\" data-widget_type=\"image.default\">\n\t\t\t\t<div class=\"elementor-widget-container\">\n\t\t\t\t\t\t\t\t\t\t\t\t\t\t\t<img loading=\"lazy\" decoding=\"async\" width=\"300\" height=\"400\" src=\"https:\/\/www.tempsdepause.ch\/solfar\/wp-content\/uploads\/2021\/07\/IMG_4311.jpg\" class=\"attachment-large size-large wp-image-20947\" alt=\"\" \/>\t\t\t\t\t\t\t\t\t\t\t\t\t\t\t<\/div>\n\t\t\t\t<\/div>\n\t\t\t\t<div class=\"elementor-element elementor-element-2e5cf2f elementor-widget elementor-widget-text-editor\" data-id=\"2e5cf2f\" data-element_type=\"widget\" data-e-type=\"widget\" data-widget_type=\"text-editor.default\">\n\t\t\t\t<div class=\"elementor-widget-container\">\n\t\t\t\t\t\t\t\t\t<p>Version plus d\u00e9taill\u00e9e au 1:100&rsquo;000 pour les randonneurs<\/p>\t\t\t\t\t\t\t\t<\/div>\n\t\t\t\t<\/div>\n\t\t\t\t\t<\/div>\n\t\t<\/div>\n\t\t\t\t\t<\/div>\n\t\t<\/section>\n\t\t\t\t<section class=\"elementor-section elementor-top-section elementor-element elementor-element-e124ac0 elementor-section-boxed elementor-section-height-default elementor-section-height-default\" data-id=\"e124ac0\" data-element_type=\"section\" data-e-type=\"section\">\n\t\t\t\t\t\t<div class=\"elementor-container elementor-column-gap-default\">\n\t\t\t\t\t<div class=\"elementor-column elementor-col-33 elementor-top-column elementor-element elementor-element-a46b866\" data-id=\"a46b866\" data-element_type=\"column\" data-e-type=\"column\">\n\t\t\t<div class=\"elementor-widget-wrap elementor-element-populated\">\n\t\t\t\t\t\t<div class=\"elementor-element elementor-element-5a089a4 elementor-widget elementor-widget-heading\" data-id=\"5a089a4\" data-element_type=\"widget\" data-e-type=\"widget\" data-widget_type=\"heading.default\">\n\t\t\t\t<div class=\"elementor-widget-container\">\n\t\t\t\t\t<h4 class=\"elementor-heading-title elementor-size-default\">Camping<\/h4>\t\t\t\t<\/div>\n\t\t\t\t<\/div>\n\t\t\t\t<div class=\"elementor-element elementor-element-85df875 elementor-widget elementor-widget-text-editor\" data-id=\"85df875\" data-element_type=\"widget\" data-e-type=\"widget\" data-widget_type=\"text-editor.default\">\n\t\t\t\t<div class=\"elementor-widget-container\">\n\t\t\t\t\t\t\t\t\t<p>Id\u00e9alement, il faudrait passer la journ\u00e9e au camping. Il n&rsquo;y a personne jusqu&rsquo;\u00e0 19-20h. Apr\u00e8s c&rsquo;est la cohue. Le premier voisin se place \u00e0 5m le suivant entre deux et les suivants aussi! Ce qui fait qu&rsquo;\u00e0 1heure du matin vous avez un couple qui prend son repas \u00e0 50 cm de notre lit. Comme il fait froid, environ 5\u00b0C et que ces touristes sont \u00e9quip\u00e9s d&rsquo;un sac de couchage estival, ils font tourner le chauffage toute la nuit.\u00a0<\/p><p>Souvent je suis sorti du camping pour pouvoir dormir.<\/p><p>Les toilettes, les douches sont g\u00e9n\u00e9ralement accessibles librement en journ\u00e9e. La taxe est pr\u00e9lev\u00e9e en soir\u00e9e et le matin.<\/p><p>\u00c0 propos de WC, en Islande on ne chie pas dans la nature ! Il y a des WC m\u00eame au milieu de nulle part. Et si vous devez de toute urgence&#8230; Bruler ou emporter le papier, car les moutons en tombent gravement malades.\u00a0<\/p>\t\t\t\t\t\t\t\t<\/div>\n\t\t\t\t<\/div>\n\t\t\t\t\t<\/div>\n\t\t<\/div>\n\t\t\t\t<div class=\"elementor-column elementor-col-66 elementor-top-column elementor-element elementor-element-ffa7b94\" data-id=\"ffa7b94\" data-element_type=\"column\" data-e-type=\"column\">\n\t\t\t<div class=\"elementor-widget-wrap elementor-element-populated\">\n\t\t\t\t\t\t<div class=\"elementor-element elementor-element-8f7f76a elementor-widget elementor-widget-image\" data-id=\"8f7f76a\" data-element_type=\"widget\" data-e-type=\"widget\" data-widget_type=\"image.default\">\n\t\t\t\t<div class=\"elementor-widget-container\">\n\t\t\t\t\t\t\t\t\t\t\t\t\t\t\t<img loading=\"lazy\" decoding=\"async\" width=\"800\" height=\"533\" src=\"https:\/\/www.tempsdepause.ch\/solfar\/wp-content\/uploads\/2021\/07\/IMG_2011.jpg\" class=\"attachment-large size-large wp-image-20961\" alt=\"\" srcset=\"https:\/\/www.tempsdepause.ch\/solfar\/wp-content\/uploads\/2021\/07\/IMG_2011.jpg 800w, https:\/\/www.tempsdepause.ch\/solfar\/wp-content\/uploads\/2021\/07\/IMG_2011-750x500.jpg 750w, https:\/\/www.tempsdepause.ch\/solfar\/wp-content\/uploads\/2021\/07\/IMG_2011-768x512.jpg 768w, https:\/\/www.tempsdepause.ch\/solfar\/wp-content\/uploads\/2021\/07\/IMG_2011-600x400.jpg 600w\" sizes=\"(max-width: 800px) 100vw, 800px\" \/>\t\t\t\t\t\t\t\t\t\t\t\t\t\t\t<\/div>\n\t\t\t\t<\/div>\n\t\t\t\t<div class=\"elementor-element elementor-element-55b4e12 elementor-widget elementor-widget-text-editor\" data-id=\"55b4e12\" data-element_type=\"widget\" data-e-type=\"widget\" data-widget_type=\"text-editor.default\">\n\t\t\t\t<div class=\"elementor-widget-container\">\n\t\t\t\t\t\t\t\t\t<p>Camping de Landmannalaugar, dans la zone des v\u00e9hicules. Ici heureusement la n\u00e9cessit\u00e9 d&rsquo;un 4&#215;4 et les gu\u00e9s dissuasifs font le tri entre campeurs confirm\u00e9 et d\u00e9butant frileux.<\/p><p>Pr\u00e9voyez 40\u20ac par nuit pour deux personnes en camping.<\/p><p>Plus de 40 campings acceptent la Camping Card qui est disponible \u00e0 l&rsquo;achat \u00e0 bord du MS Norr\u00f6na pur seulement\u00a0\u20ac 159<\/p><p>Pour plus d&rsquo;information, rendez-vous sur <a href=\"https:\/\/utilegukortid.is\/?lang=en\" target=\"_blank\" rel=\"noopener\">utilegukortid.is\u200b<\/a> ou contactez Smyril Line.<\/p>\t\t\t\t\t\t\t\t<\/div>\n\t\t\t\t<\/div>\n\t\t\t\t\t<\/div>\n\t\t<\/div>\n\t\t\t\t\t<\/div>\n\t\t<\/section>\n\t\t\t\t<section class=\"elementor-section elementor-top-section elementor-element elementor-element-f72b266 elementor-section-boxed elementor-section-height-default elementor-section-height-default\" data-id=\"f72b266\" data-element_type=\"section\" data-e-type=\"section\">\n\t\t\t\t\t\t<div class=\"elementor-container elementor-column-gap-default\">\n\t\t\t\t\t<div class=\"elementor-column elementor-col-33 elementor-top-column elementor-element elementor-element-5d7f6b4\" data-id=\"5d7f6b4\" data-element_type=\"column\" data-e-type=\"column\">\n\t\t\t<div class=\"elementor-widget-wrap elementor-element-populated\">\n\t\t\t\t\t\t<div class=\"elementor-element elementor-element-5ff80c7 elementor-widget elementor-widget-image\" data-id=\"5ff80c7\" data-element_type=\"widget\" data-e-type=\"widget\" data-widget_type=\"image.default\">\n\t\t\t\t<div class=\"elementor-widget-container\">\n\t\t\t\t\t\t\t\t\t\t\t\t\t\t\t<img loading=\"lazy\" decoding=\"async\" width=\"400\" height=\"533\" src=\"https:\/\/www.tempsdepause.ch\/solfar\/wp-content\/uploads\/2021\/07\/IMG_2082.jpg\" class=\"attachment-large size-large wp-image-20962\" alt=\"\" srcset=\"https:\/\/www.tempsdepause.ch\/solfar\/wp-content\/uploads\/2021\/07\/IMG_2082.jpg 400w, https:\/\/www.tempsdepause.ch\/solfar\/wp-content\/uploads\/2021\/07\/IMG_2082-375x500.jpg 375w\" sizes=\"(max-width: 400px) 100vw, 400px\" \/>\t\t\t\t\t\t\t\t\t\t\t\t\t\t\t<\/div>\n\t\t\t\t<\/div>\n\t\t\t\t<div class=\"elementor-element elementor-element-ae5e2f0 elementor-widget elementor-widget-text-editor\" data-id=\"ae5e2f0\" data-element_type=\"widget\" data-e-type=\"widget\" data-widget_type=\"text-editor.default\">\n\t\t\t\t<div class=\"elementor-widget-container\">\n\t\t\t\t\t\t\t\t\t<p>Inutile d&#8217;emporter un drone, ils sont interdit de vol dans toutes les zones touristiques et les r\u00e9serves naturelles.<\/p>\t\t\t\t\t\t\t\t<\/div>\n\t\t\t\t<\/div>\n\t\t\t\t\t<\/div>\n\t\t<\/div>\n\t\t\t\t<div class=\"elementor-column elementor-col-33 elementor-top-column elementor-element elementor-element-9b3a7a8\" data-id=\"9b3a7a8\" data-element_type=\"column\" data-e-type=\"column\">\n\t\t\t<div class=\"elementor-widget-wrap elementor-element-populated\">\n\t\t\t\t\t\t<div class=\"elementor-element elementor-element-e6d08b7 elementor-widget elementor-widget-image\" data-id=\"e6d08b7\" data-element_type=\"widget\" data-e-type=\"widget\" data-widget_type=\"image.default\">\n\t\t\t\t<div class=\"elementor-widget-container\">\n\t\t\t\t\t\t\t\t\t\t\t\t\t\t\t<img loading=\"lazy\" decoding=\"async\" width=\"400\" height=\"400\" src=\"https:\/\/www.tempsdepause.ch\/solfar\/wp-content\/uploads\/2021\/07\/IMG_1693.jpg\" class=\"attachment-large size-large wp-image-20963\" alt=\"\" srcset=\"https:\/\/www.tempsdepause.ch\/solfar\/wp-content\/uploads\/2021\/07\/IMG_1693.jpg 400w, https:\/\/www.tempsdepause.ch\/solfar\/wp-content\/uploads\/2021\/07\/IMG_1693-150x150.jpg 150w, https:\/\/www.tempsdepause.ch\/solfar\/wp-content\/uploads\/2021\/07\/IMG_1693-160x160.jpg 160w, https:\/\/www.tempsdepause.ch\/solfar\/wp-content\/uploads\/2021\/07\/IMG_1693-100x100.jpg 100w\" sizes=\"(max-width: 400px) 100vw, 400px\" \/>\t\t\t\t\t\t\t\t\t\t\t\t\t\t\t<\/div>\n\t\t\t\t<\/div>\n\t\t\t\t<div class=\"elementor-element elementor-element-2d74fea elementor-widget elementor-widget-text-editor\" data-id=\"2d74fea\" data-element_type=\"widget\" data-e-type=\"widget\" data-widget_type=\"text-editor.default\">\n\t\t\t\t<div class=\"elementor-widget-container\">\n\t\t\t\t\t\t\t\t\t<p>Rien n&rsquo;est gratuite et la vie est cher en Islande. Je n&rsquo;ai presque jamais pay\u00e9 en cash. M\u00eame une petite glace ou un caf\u00e9 ce paye par carte.\u00a0<\/p>\t\t\t\t\t\t\t\t<\/div>\n\t\t\t\t<\/div>\n\t\t\t\t\t<\/div>\n\t\t<\/div>\n\t\t\t\t<div class=\"elementor-column elementor-col-33 elementor-top-column elementor-element elementor-element-f40e796\" data-id=\"f40e796\" data-element_type=\"column\" data-e-type=\"column\">\n\t\t\t<div class=\"elementor-widget-wrap\">\n\t\t\t\t\t\t\t<\/div>\n\t\t<\/div>\n\t\t\t\t\t<\/div>\n\t\t<\/section>\n\t\t\t\t<section class=\"elementor-section elementor-top-section elementor-element elementor-element-edba3b1 elementor-section-boxed elementor-section-height-default elementor-section-height-default\" data-id=\"edba3b1\" data-element_type=\"section\" data-e-type=\"section\">\n\t\t\t\t\t\t<div class=\"elementor-container elementor-column-gap-default\">\n\t\t\t\t\t<div class=\"elementor-column elementor-col-33 elementor-top-column elementor-element elementor-element-c350ce4\" data-id=\"c350ce4\" data-element_type=\"column\" data-e-type=\"column\">\n\t\t\t<div class=\"elementor-widget-wrap elementor-element-populated\">\n\t\t\t\t\t\t<div class=\"elementor-element elementor-element-ef8652e elementor-widget elementor-widget-text-editor\" data-id=\"ef8652e\" data-element_type=\"widget\" data-e-type=\"widget\" data-widget_type=\"text-editor.default\">\n\t\t\t\t<div class=\"elementor-widget-container\">\n\t\t\t\t\t\t\t\t\t<p>Pour ce rendre en Islande avec son v\u00e9hicule, le ferry Norr\u00f6na embarque \u00e0 Hirtshals au nord du Danemark le samedi \u00e0 12 heures. Cela, pour moi, signifie 1400km d&rsquo;autoroute en partant le jeudi, j&rsquo;arrive le vendredi apr\u00e8s-midi. Puis la travers\u00e9e dure 64 heures avec un arr\u00eat aux F\u00e9ro\u00e9. On arrive donc le mardi vers 9heures \u00e0 Sey\u00f0isfj\u00f6r\u00f0ur.<\/p><p>Prix: selon les dates et le choix des cabines, environ 3000\u20ac pour 2 personnes et un VW California.<\/p><p>L&rsquo;aller et retour p\u00e9nalisent les vacances de 10-12 jours.<\/p><p>Site du MS Norr\u00f6na:<\/p><p><a href=\"https:\/\/www.smyrilline.com\">https:\/\/www.smyrilline.com<\/a><\/p><p>Pour gagner du temps, il est possible de faire transporter votre v\u00e9hicule de tourisme de Rotterdam \u00e0 Thorlaksh\u00f6fn en Islande et d&rsquo;y revenir.<\/p><p><a class=\"link-button\" href=\"https:\/\/www.smyrilline.fr\/islande\/expedition-de-vehicules-de-tourisme\">EN SAVOIR PLUS<\/a><\/p>\t\t\t\t\t\t\t\t<\/div>\n\t\t\t\t<\/div>\n\t\t\t\t\t<\/div>\n\t\t<\/div>\n\t\t\t\t<div class=\"elementor-column elementor-col-66 elementor-top-column elementor-element elementor-element-599979a\" data-id=\"599979a\" data-element_type=\"column\" data-e-type=\"column\">\n\t\t\t<div class=\"elementor-widget-wrap elementor-element-populated\">\n\t\t\t\t\t\t<div class=\"elementor-element elementor-element-fbde64e elementor-widget elementor-widget-image\" data-id=\"fbde64e\" data-element_type=\"widget\" data-e-type=\"widget\" data-widget_type=\"image.default\">\n\t\t\t\t<div class=\"elementor-widget-container\">\n\t\t\t\t\t\t\t\t\t\t\t\t\t\t\t<img loading=\"lazy\" decoding=\"async\" width=\"960\" height=\"639\" src=\"https:\/\/www.tempsdepause.ch\/solfar\/wp-content\/uploads\/2021\/07\/JeanDa20170524000611.png\" class=\"attachment-large size-large wp-image-20964\" alt=\"\" srcset=\"https:\/\/www.tempsdepause.ch\/solfar\/wp-content\/uploads\/2021\/07\/JeanDa20170524000611.png 1000w, https:\/\/www.tempsdepause.ch\/solfar\/wp-content\/uploads\/2021\/07\/JeanDa20170524000611-751x500.png 751w, https:\/\/www.tempsdepause.ch\/solfar\/wp-content\/uploads\/2021\/07\/JeanDa20170524000611-768x511.png 768w, https:\/\/www.tempsdepause.ch\/solfar\/wp-content\/uploads\/2021\/07\/JeanDa20170524000611-800x533.png 800w, https:\/\/www.tempsdepause.ch\/solfar\/wp-content\/uploads\/2021\/07\/JeanDa20170524000611-600x400.png 600w\" sizes=\"(max-width: 960px) 100vw, 960px\" \/>\t\t\t\t\t\t\t\t\t\t\t\t\t\t\t<\/div>\n\t\t\t\t<\/div>\n\t\t\t\t<div class=\"elementor-element elementor-element-cc6059a elementor-widget elementor-widget-text-editor\" data-id=\"cc6059a\" data-element_type=\"widget\" data-e-type=\"widget\" data-widget_type=\"text-editor.default\">\n\t\t\t\t<div class=\"elementor-widget-container\">\n\t\t\t\t\t\t\t\t\t<p>A Sey\u00f0isfj\u00f6r\u00f0ur,\u00a0le Norr\u00f6na \u00e0 quai. La douane se passe bien, juste la bienvenue en Islande par un douanier sympa. Mais quelques voitures et motos sont d\u00e9tourn\u00e9es dans un hall pour un contr\u00f4le tr\u00e8s approfondi.\u00a0<\/p>\t\t\t\t\t\t\t\t<\/div>\n\t\t\t\t<\/div>\n\t\t\t\t\t<\/div>\n\t\t<\/div>\n\t\t\t\t\t<\/div>\n\t\t<\/section>\n\t\t\t\t<section class=\"elementor-section elementor-top-section elementor-element elementor-element-bf19d2d elementor-section-boxed elementor-section-height-default elementor-section-height-default\" data-id=\"bf19d2d\" data-element_type=\"section\" data-e-type=\"section\">\n\t\t\t\t\t\t<div class=\"elementor-container elementor-column-gap-default\">\n\t\t\t\t\t<div class=\"elementor-column elementor-col-66 elementor-top-column elementor-element elementor-element-2c884b8\" data-id=\"2c884b8\" data-element_type=\"column\" data-e-type=\"column\">\n\t\t\t<div class=\"elementor-widget-wrap elementor-element-populated\">\n\t\t\t\t\t\t\t<\/div>\n\t\t<\/div>\n\t\t\t\t<div class=\"elementor-column elementor-col-33 elementor-top-column elementor-element elementor-element-eddebb4\" data-id=\"eddebb4\" data-element_type=\"column\" data-e-type=\"column\">\n\t\t\t<div class=\"elementor-widget-wrap elementor-element-populated\">\n\t\t\t\t\t\t<div class=\"elementor-element elementor-element-69f458d elementor-widget elementor-widget-button\" data-id=\"69f458d\" data-element_type=\"widget\" data-e-type=\"widget\" data-widget_type=\"button.default\">\n\t\t\t\t<div class=\"elementor-widget-container\">\n\t\t\t\t\t\t\t\t\t<div class=\"elementor-button-wrapper\">\n\t\t\t\t\t<a class=\"elementor-button elementor-button-link elementor-size-sm\" href=\"https:\/\/www.tempsdepause.ch\/solfar\/de-chutes-en-cascades\/\">\n\t\t\t\t\t\t<span class=\"elementor-button-content-wrapper\">\n\t\t\t\t\t\t<span class=\"elementor-button-icon\">\n\t\t\t\t<i aria-hidden=\"true\" class=\"far fa-images\"><\/i>\t\t\t<\/span>\n\t\t\t\t\t\t\t\t\t<span class=\"elementor-button-text\">Je vous invite \u00e0 me suivre dans les paysages Islandais.  &gt;&gt;&gt;<\/span>\n\t\t\t\t\t<\/span>\n\t\t\t\t\t<\/a>\n\t\t\t\t<\/div>\n\t\t\t\t\t\t\t\t<\/div>\n\t\t\t\t<\/div>\n\t\t\t\t\t<\/div>\n\t\t<\/div>\n\t\t\t\t\t<\/div>\n\t\t<\/section>\n\t\t\t\t<\/div>\n\t\t","protected":false},"excerpt":{"rendered":"<p>Solfar en Islande Mon van s\u2019appelle Solfar \u00ab&nbsp;Voyageur du Soleil&nbsp;\u00bb en Islandais. Il s\u2019est appropri\u00e9 ce nom en passant devant la statue sur le port de Reykjavik. Cette magnifique sculpture en acier inoxydable, cr\u00e9\u00e9e par J\u00f3n Funnar \u00c1rnason, repr\u00e9sente un bateau viking. Elle rend honneur \u00e0 l\u2019histoire de l\u2019Islande et la tradition de d\u00e9couvreur des c\u00e9l\u00e8bres marins venu de Scandinavie. Le sculpteur pr\u00e9tendait aussi que chaque personne qui arrive \u00e0 Reykjavik, apr\u00e8s avoir vu ce bateau m\u00e9tallique, s\u2019imagine o\u00f9 il [&hellip;]<\/p>\n","protected":false},"author":2,"featured_media":0,"parent":21318,"menu_order":1,"comment_status":"closed","ping_status":"closed","template":"","meta":{"footnotes":""},"class_list":["post-20692","page","type-page","status-publish","hentry"],"_links":{"self":[{"href":"https:\/\/www.tempsdepause.ch\/solfar\/wp-json\/wp\/v2\/pages\/20692","targetHints":{"allow":["GET"]}}],"collection":[{"href":"https:\/\/www.tempsdepause.ch\/solfar\/wp-json\/wp\/v2\/pages"}],"about":[{"href":"https:\/\/www.tempsdepause.ch\/solfar\/wp-json\/wp\/v2\/types\/page"}],"author":[{"embeddable":true,"href":"https:\/\/www.tempsdepause.ch\/solfar\/wp-json\/wp\/v2\/users\/2"}],"replies":[{"embeddable":true,"href":"https:\/\/www.tempsdepause.ch\/solfar\/wp-json\/wp\/v2\/comments?post=20692"}],"version-history":[{"count":3,"href":"https:\/\/www.tempsdepause.ch\/solfar\/wp-json\/wp\/v2\/pages\/20692\/revisions"}],"predecessor-version":[{"id":21352,"href":"https:\/\/www.tempsdepause.ch\/solfar\/wp-json\/wp\/v2\/pages\/20692\/revisions\/21352"}],"up":[{"embeddable":true,"href":"https:\/\/www.tempsdepause.ch\/solfar\/wp-json\/wp\/v2\/pages\/21318"}],"wp:attachment":[{"href":"https:\/\/www.tempsdepause.ch\/solfar\/wp-json\/wp\/v2\/media?parent=20692"}],"curies":[{"name":"wp","href":"https:\/\/api.w.org\/{rel}","templated":true}]}}