{"id":2628,"date":"2013-08-24T17:36:34","date_gmt":"2013-08-24T15:36:34","guid":{"rendered":"http:\/\/www.tempsdepause.ch\/services\/?page_id=2628"},"modified":"2015-01-19T18:16:17","modified_gmt":"2015-01-19T17:16:17","slug":"espaces-colorimetries","status":"publish","type":"page","link":"https:\/\/www.tempsdepause.ch\/services\/services\/stages-formations\/couleur\/espaces-colorimetries\/","title":{"rendered":"Espaces colorim\u00e9tries"},"content":{"rendered":"<h2>Notion d&rsquo;espace colorim\u00e9trique<\/h2>\n<p style=\"text-align: justify;\">Espace calorim\u00e9trique d\u00e9signe uniquement le volume g\u00e9om\u00e9trique correspondant \u00e0 un ensemble de couleurs disponible dans le syst\u00e8me. C\u2019est en quelque sorte le moyen d\u2019\u00e9change entre les p\u00e9riph\u00e9riques et les logiciels. Ces espaces colorim\u00e9triques sont virtuels et sont ind\u00e9pendants des p\u00e9riph\u00e9riques. Un peu comme un ascenseur. Au rez il charge l\u2019image de la cam\u00e9ra puis la d\u00e9pose sur l\u2019\u00e9tage du traitement des images. Puis il l\u2019acheminera au sous-sol pour l\u2019impression. Cet ascenseur doit \u00eatre suffisamment grand pour que l\u2019image ne soit pas \u00e9lagu\u00e9e au passage. Le photographe a le choix entre plusieurs mod\u00e8les selon ses besoins. Voici les plus int\u00e9ressant:<\/p>\n<ul class=\"list1 list_color_gray\">\n<li>Le plus petit, le sRGB voulu par Microsoft et HP est l&rsquo;espace par d\u00e9faut de Windows et repr\u00e9sente assez bien les capacit\u00e9s d&rsquo;affichage des \u00e9crans. Il a un grand avantage de s&rsquo;arr\u00eater \u00e0 tous les \u00e9tages ouvert au public: celui du Web, celui des services d\u2019impression en ligne, celui de Windows et de 90% des \u00e9crans d\u2019ordinateur. Il est donc universellement utilis\u00e9 pour les images destin\u00e9es au Web.<\/li>\n<li>L\u2019ascenseur du pr\u00e9presse est l\u2019espace Adobe RGP, car il correspond parfaitement \u00e0 l\u2019espace d\u2019impression CMJN. Il s&rsquo;est largement impos\u00e9 dans le monde de l&rsquo;image.<\/li>\n<li>Le plus volumineux est tellement grand qu\u2019il contiendrait presque le \u00abgamut\u00bb de la vision humaine. En tout cas, il conserve dans son espace l\u2019ensemble des couleurs enregistr\u00e9es au format RAW 12 bits et peu les restituer \u00e0 une imprimante jet d\u2019encre avec 10 encres diff\u00e9rentes. La conversion de ProPhoto \u00e0 sRGB n\u2019est pas aussi heureuse qu\u2019entre Adobe RGB et sRGB<\/li>\n<\/ul>\n<h3>Que choisir ?<\/h3>\n<div class=\"one_third\"><img decoding=\"async\" class=\"aligncenter size-full wp-image-2631\" alt=\"cie1931-sRGB\" src=\"https:\/\/www.tempsdepause.ch\/services\/wp-content\/uploads\/2013\/08\/cie1931-sRGB.png\" width=\"270\" height=\"293\" \/><\/div><div class=\"one_third\"><img decoding=\"async\" class=\"aligncenter size-full wp-image-2630\" alt=\"cie1931-RGB\" src=\"https:\/\/www.tempsdepause.ch\/services\/wp-content\/uploads\/2013\/08\/cie1931-RGB.png\" width=\"270\" height=\"293\" \/><\/div><div class=\"one_third last\"><img decoding=\"async\" class=\"aligncenter size-full wp-image-2629\" alt=\"cie1931-ProPhotoRGB\" src=\"https:\/\/www.tempsdepause.ch\/services\/wp-content\/uploads\/2013\/08\/cie1931-ProPhotoRGB.png\" width=\"270\" height=\"293\" \/><\/div><div class=\"clearboth\"><\/div> <div class=\"one_third\"><h3>Espace colorim\u00e9trique sRGB<\/h3>\n<ul class=\"list2 list_color_gray\">\n<li>si vous photographiez en jpg.<\/li>\n<li>si vous n\u2019utilisez pas Photoshop.<\/li>\n<li>si vous imprimez sur une petite imprimante.<\/li>\n<li>si vous envoyez vos photos \u00e0 agrandir par Internet.<\/li>\n<li>si vous partagez vos photos sur le Web.<\/li>\n<li>Obtenir de belles couleurs sans se prendre la t\u00eate.<\/li>\n<\/ul><\/div><div class=\"one_third\"><h3>Espace colorim\u00e9trique Adobe RGB<\/h3>\n<ul class=\"list2 list_color_gray\">\n<li>si vous utilisez Photoshop.<\/li>\n<li>si vous travaillez avec le pr\u00e9presse<\/li>\n<li>et convertir en CMJN pour l&rsquo;impression.<\/li>\n<li>Votre \u00e9cran est \u00e0 large gramut \u00e0 99% RGB.<\/li>\n<\/ul><\/div><div class=\"one_third last\"><h3>Espace colorim\u00e9trique ProPhoto RGB<\/h3>\n<ul class=\"list2 list_color_gray\">\n<li>si votre appareil photo enregistre des RAW.<\/li>\n<li>si vous traitez et transformez vos images avec Adobe camera RAW.<\/li>\n<li>Espace de travail des RAW dans Lightroom<\/li>\n<li>si vous avez une imprimante avec 10-12 cartouches d\u2019encre.<\/li>\n<\/ul><\/div><div class=\"clearboth\"><\/div>\n<h3>Quel espace de travail choisir ?<\/h3>\n<h4>sRGB pour qui ?<\/h4>\n<p style=\"text-align: justify;\"> C\u2019est dans cet espace que les APN d\u00e9finissent, par d\u00e9faut, leurs images. Le 80 \u00e0 90% des couleurs que nous photographions sont contenues dans le sRGB ! Il sert aussi d\u2019espace \u00e0 la quasi-totalit\u00e9 des images publi\u00e9es sur le Web est c\u2019est l\u2019espace par d\u00e9faut de Windows. C\u2019est \u00e9galement l\u2019espace de la quasi-totalit\u00e9 des \u00e9crans.<br \/> sRGB est assez vaste pour englober la plus grande partie du domaine colorim\u00e9trique couvert par les imprimantes \u00e0 jet d\u2019encre.<br \/> La plupart des laboratoires de tirage grand public sont \u00e9quip\u00e9s de Minilabs Fuji exigeant l\u2019espace sRGB.<br \/> En tirer la conclusion qu\u2019il faut adopter sRGB comme espace de travail n\u2019a d&rsquo;int\u00e9r\u00eat que si l\u2019on ne traite pas ou peu ses images.<\/p>\n<h4>Adobe RGB pour qui ?<\/h4>\n<p> Adobe RGB 1998 est un espace de dimensions moyennes qui couvre un domaine sensiblement plus vaste que sRGB. Il a \u00e9t\u00e9 con\u00e7u pour englober les capacit\u00e9s des appareils de sortie les plus courants: \u00e9cran graphique, imprimantes, tireuses, presses d\u2019imprimerie&#8230;.<\/p>\n<p style=\"text-align: justify;\"> Adobe RGB 1998 est le profil de r\u00e9f\u00e9rence de Photoshop, de la plus part des graphistes. Bien adapt\u00e9 aux encres CMJN utilis\u00e9es au USA. Pour les photographes ce profil est limit\u00e9. Ils n\u2019est pas capable d\u2019englober la totalit\u00e9 du gammut d\u2019une presse europ\u00e9enne et encore moins d\u2019une imprimante jet d\u2019encre photo pro. Le profil europ\u00e9ens id\u00e9al est l\u2019ECI.RGB V2 bas\u00e9 sur le profil CMJN ISO-coatedv2.icc repr\u00e9sentatif d\u2019une impression sur papier couch\u00e9 sur une presse offset utilisant les encres europ\u00e9ennes.&nbsp; <\/p>\n<h4>ProPhoto RGB pour qui ?<\/h4>\n<p style=\"text-align: justify;\"> ProPhoto RGB est un espace gigantesque, trois fois sup\u00e9rieur en volume \u00e0 celui de sRGB. Presque \u00e9quivalent \u00e0 l\u2019espace L*A*B* soit, toutes les couleurs visibles. Invent\u00e9 par Kodak pour figurer l\u2019\u00e9tendue colorim\u00e9trique du monde r\u00e9el, il est le seul espace capable de repr\u00e9senter toutes les couleurs captur\u00e9es par les APN reflex modernes. <br \/> L\u2019emploi de ProPhoto RGB est particuli\u00e8rement adapt\u00e9 aux images satur\u00e9es.&nbsp; Les photographes qui poss\u00e8dent un APN produisant des fichiers RAW et qui les d\u00e9veloppent eux-m\u00eames le pr\u00e9f\u00e8rent souvent. <br \/> Quand on adopte ProPhoto RGB, il faut imp\u00e9rativement lui associer une profondeur de couleurs de 16 bits sous peine de voir apparaitre de vilaines cassures dans les d\u00e9grad\u00e9s des images. Cet espace produit des fichiers deux fois plus importants, mais constitue, selon Adobe, la seule option permettant de pr\u00e9server la totalit\u00e9 des couleurs qu\u2019un APN professionnel est capable de saisir dans la nature. <br \/> Pour les Nikonistes, Capture NX2 travaille les Nefs (RAW propri\u00e9taire de Nikon)\u2028directement en 16 bits, la contrainte de l\u2019espace colorim\u00e9trique n\u2019est effective qu\u2019en sortie vers le format TIFF et JPEG. Il n\u2019y donc pas de conversion de profil en entr\u00e9e comme dans Cam\u00e9ra RAW avec Lightroom ou Photoshop. <\/p>\n<p style=\"text-align: justify;\"> ProPhoto vous permettra de conserver toutes les nuances satur\u00e9es de votre fichier original et donc de les imprimer sur un papier Glossy. MAIS encore faut-il que votre imprimante puisse l&rsquo;imprimer. <\/p>\n<h3>CMJN, l\u2019espace des imprimeurs<\/h3>\n<p style=\"text-align: justify;\">Parall\u00e8lement \u00e0 la synth\u00e8se additive des couleurs du mod\u00e8le RGB, la synth\u00e8se soustractive des mati\u00e8res color\u00e9es qui se filtrent les unes les autres est \u00e0 l\u2019origine du syst\u00e8me CMJN. Dans cette approche, le noir est obtenu par le m\u00e9lange \u00e9gales des trois couleurs pures Cyan, Magenta et Jaune.<br \/> Codifier les couleurs par quatre nombres alors que trois suffisent peut \u00eatre aberrant. Mais en pratique, la physique du papier et des encres nous y contraint, car avec les trois couleurs cyan, magenta et jaune, les gris sont sales et le noir jamais tout \u00e0 fait noir. En plus, l\u2019impression du texte noir serait consid\u00e9rablement ralentie si trois passages \u00e9taient n\u00e9cessaires.<br \/> Bien que l\u2019espace CMJN r\u00e8gne sans partage sur le monde de l\u2019imprimerie. Nos imprimantes, m\u00eame les couteux mod\u00e8les photo \u00e9quip\u00e9s de cartouches d\u2019encre correspondant \u00e0 la s\u00e9paration CMJN, ne parlent que rarement ce langage. Elles savent interpr\u00e9ter le RGB pour nous faciliter la t\u00e2che.<\/p>\n<div class=\"one_third\"><img decoding=\"async\" class=\"aligncenter size-full wp-image-2656\" alt=\"JeanDa200807190001\" src=\"https:\/\/www.tempsdepause.ch\/services\/wp-content\/uploads\/2013\/08\/JeanDa200807190001.png\" width=\"397\" height=\"600\" \/><\/div><div class=\"two_third last\"><p>&nbsp;<\/p>\n<p>&nbsp;<\/p>\n<div class=\"one_fourth\"><p><img decoding=\"async\" class=\"aligncenter size-full wp-image-2657\" alt=\"Cyan\" src=\"https:\/\/www.tempsdepause.ch\/services\/wp-content\/uploads\/2013\/08\/Cyan.png\" width=\"119\" height=\"180\" \/><br \/> <img decoding=\"async\" class=\"aligncenter size-full wp-image-2664\" alt=\"C\" src=\"https:\/\/www.tempsdepause.ch\/services\/wp-content\/uploads\/2013\/08\/C.png\" width=\"119\" height=\"10\" \/><br \/><\/div><div class=\"one_fourth\"><p><img decoding=\"async\" class=\"aligncenter size-full wp-image-2658\" alt=\"Magenta\" src=\"https:\/\/www.tempsdepause.ch\/services\/wp-content\/uploads\/2013\/08\/Magenta.png\" width=\"119\" height=\"180\" \/><br \/> <img decoding=\"async\" class=\"aligncenter size-full wp-image-2666\" alt=\"M\" src=\"https:\/\/www.tempsdepause.ch\/services\/wp-content\/uploads\/2013\/08\/M.png\" width=\"119\" height=\"10\" \/><\/div><div class=\"one_fourth\"><p><img decoding=\"async\" class=\"aligncenter size-full wp-image-2659\" alt=\"Jaune\" src=\"https:\/\/www.tempsdepause.ch\/services\/wp-content\/uploads\/2013\/08\/Jaune.png\" width=\"119\" height=\"180\" \/><br \/> <img decoding=\"async\" class=\"aligncenter size-full wp-image-2665\" alt=\"j\" src=\"https:\/\/www.tempsdepause.ch\/services\/wp-content\/uploads\/2013\/08\/j.png\" width=\"119\" height=\"10\" \/><\/div><div class=\"one_fourth last\"><p><img decoding=\"async\" class=\"aligncenter size-full wp-image-2660\" alt=\"noir\" src=\"https:\/\/www.tempsdepause.ch\/services\/wp-content\/uploads\/2013\/08\/noir.png\" width=\"119\" height=\"180\" \/><br \/> <img decoding=\"async\" class=\"aligncenter size-full wp-image-2667\" alt=\"N\" src=\"https:\/\/www.tempsdepause.ch\/services\/wp-content\/uploads\/2013\/08\/N.png\" width=\"119\" height=\"10\" \/><\/div><div class=\"clearboth\"><\/div>\n<p style=\"text-align: right;\">Jade, ma petite fille et sa d\u00e9composition en quatre couches CMJN.<\/div><div class=\"clearboth\"><\/div>\n<div class=\"divider top\"><a href=\"#\">Haut<\/a><\/div>\n<a href=\"https:\/\/www.tempsdepause.ch\/services\/services\/stages-formations\/couleur\/lequilibre-des-couleurs\" style=\"background-color:transparent\" class=\"theme_button small white no_woo_button alignlift\"><span style=\"color:gray;\">Page pr\u00e9c\u00e9dente<\/span><\/a> <a href=\"https:\/\/www.tempsdepause.ch\/services\/services\/stages-formations\/couleur\/espace-colorimetrie-dun-appareil-son-gamut\" style=\"background-color:transparent\" class=\"theme_button small white no_woo_button alignright\"><span style=\"color:gray;\">Page suivante<\/span><\/a>\n","protected":false},"excerpt":{"rendered":"<p>Notion d&rsquo;espace colorim\u00e9trique Espace calorim\u00e9trique d\u00e9signe uniquement le volume g\u00e9om\u00e9trique correspondant \u00e0 un ensemble de couleurs disponible dans le syst\u00e8me. C\u2019est en quelque sorte le moyen d\u2019\u00e9change entre les p\u00e9riph\u00e9riques et les logiciels. Ces espaces colorim\u00e9triques sont virtuels et sont ind\u00e9pendants des p\u00e9riph\u00e9riques. Un peu comme un ascenseur. Au rez il charge l\u2019image de la &#8230;<\/p>\n","protected":false},"author":1,"featured_media":0,"parent":2533,"menu_order":0,"comment_status":"open","ping_status":"open","template":"","meta":{"footnotes":""},"class_list":["post-2628","page","type-page","status-publish","hentry"],"aioseo_notices":[],"_links":{"self":[{"href":"https:\/\/www.tempsdepause.ch\/services\/wp-json\/wp\/v2\/pages\/2628","targetHints":{"allow":["GET"]}}],"collection":[{"href":"https:\/\/www.tempsdepause.ch\/services\/wp-json\/wp\/v2\/pages"}],"about":[{"href":"https:\/\/www.tempsdepause.ch\/services\/wp-json\/wp\/v2\/types\/page"}],"author":[{"embeddable":true,"href":"https:\/\/www.tempsdepause.ch\/services\/wp-json\/wp\/v2\/users\/1"}],"replies":[{"embeddable":true,"href":"https:\/\/www.tempsdepause.ch\/services\/wp-json\/wp\/v2\/comments?post=2628"}],"version-history":[{"count":0,"href":"https:\/\/www.tempsdepause.ch\/services\/wp-json\/wp\/v2\/pages\/2628\/revisions"}],"up":[{"embeddable":true,"href":"https:\/\/www.tempsdepause.ch\/services\/wp-json\/wp\/v2\/pages\/2533"}],"wp:attachment":[{"href":"https:\/\/www.tempsdepause.ch\/services\/wp-json\/wp\/v2\/media?parent=2628"}],"curies":[{"name":"wp","href":"https:\/\/api.w.org\/{rel}","templated":true}]}}