{"id":2590,"date":"2013-08-23T16:24:06","date_gmt":"2013-08-23T14:24:06","guid":{"rendered":"http:\/\/www.tempsdepause.ch\/services\/?page_id=2590"},"modified":"2015-01-19T18:18:00","modified_gmt":"2015-01-19T17:18:00","slug":"espace-colorimetrie-dun-appareil-son-gamut","status":"publish","type":"page","link":"https:\/\/www.tempsdepause.ch\/services\/services\/stages-formations\/couleur\/espace-colorimetrie-dun-appareil-son-gamut\/","title":{"rendered":"Espace colorim\u00e9trie d&rsquo;un appareil, son gamut"},"content":{"rendered":"<h2>Gamut et profil colorim\u00e9trique<\/h2>\n<p style=\"text-align: justify;\">La codification des couleurs cohabite dans un monde imparfait peupl\u00e9 d\u2019appareils qui ne savent interpr\u00e9ter une gamme limit\u00e9e de couleurs. Cette r\u00e9alit\u00e9 s\u2019applique \u00e0 l\u2019oeil humain et \u00e0 tous nos appareils, cam\u00e9ras, scanners, \u00e9crans, imprimantes, etc. L\u2019ensemble des couleurs qu\u2019un appareil sait produire est d\u00e9sign\u00e9 en g\u00e9n\u00e9ral par le terme de gamut, c\u2019est-\u00e0-dire la gamme. Ils sont donc d\u00e9pendants des p\u00e9riph\u00e9riques, contrairement \u00e0 l\u2019espace de travail qui lui est virtuel. Si l\u2019on d\u00e9sire d\u00e9crire le comportement d\u2019un appareil vis-\u00e0-vis des couleurs, il faut mesurer son gamut et pour cela \u00e9tablir son profil colorim\u00e9trique.<\/p>\n<div id=\"framed_box_02d2e6cdbf951c4ccfd8696ccdec484b\" class=\"framed_box alignright\" style=\"width:220px;\">\n\t<div class=\"framed_box_content\">\n\t\t\n<p style=\"text-align: justify;\">Attention \u00e0 ne pas confondre les profils de travail ( RGB sRGB ProPhotoRGB ) avec le profil d\u00e9pendant d\u2019un p\u00e9riph\u00e9rique. Le profil d\u2019un appareil d\u00e9crit son comportement colorim\u00e9trique.<\/p>\n\n\t\t<div class=\"framed_box_space\"><\/div>\n\t<\/div>\n<\/div>\n\n<h2>Profils ICC<\/h2>\n<p style=\"text-align: justify;\">La compr\u00e9hension d\u2019un profil ICC et son r\u00f4le dans la gestion des couleurs est primordiale. La mesure du gamut d\u2019un appareil lors de son calibrage, permet d\u2019\u00e9tablir le profil ICC: c\u2019est sa carte d\u2019identit\u00e9 couleur.<\/p>\n<p style=\"text-align: justify;\">lors du calibrage d&rsquo;un \u00e9cran, nous voulons savoir s&rsquo;il affiche correctement les couleurs et combien de couleurs il est capable d&rsquo;afficher. Toutes ces informations se trouvent r\u00e9unies dans SON profil ICC. Idem pour l&rsquo;imprimante. Les logiciels qui g\u00e8rent ses profils ICC vont donc les utiliser afin d&rsquo;afficher ou d&rsquo;imprimer correctement les couleurs.<\/p>\n<p>Comme le profil ICC permet de savoir quelles couleurs sont atteintes par le p\u00e9riph\u00e9rique et de quelle mani\u00e8re, il est possible\u00a0:<\/p>\n<ul class=\"list1 list_color_gray\">\n<li>d&rsquo;optimiser le rendu colorim\u00e9trique du p\u00e9riph\u00e9rique.<\/li>\n<li>de calculer et de visualiser son gamut.<\/li>\n<li>de simuler le rendu colorim\u00e9trique du p\u00e9riph\u00e9rique sur un autre en vue d&rsquo;un \u00e9preuvage contractuel. Un cas tr\u00e8s courant est la simulation d&rsquo;une presse sur un traceur.<\/li>\n<li>d&rsquo;une mani\u00e8re g\u00e9n\u00e9rale, d&rsquo;harmoniser les rendus colorim\u00e9triques d&rsquo;une cha\u00eene graphique entre scanner, \u00e9cran, traceur et presse.<\/li>\n<\/ul>\n<h3>R\u00f4les des profils ICC<\/h3>\n<p style=\"text-align: justify;\">Pour afficher des couleurs sur un \u00e9cran, on y envoie des pixels avec des valeurs RVB. Une m\u00eame valeur RVB, par exemple (R=255,V=0,B=0), envoy\u00e9e sur 2 \u00e9crans diff\u00e9rents r\u00e9sultera en deux couleurs diff\u00e9rentes, \u00e7a ne sera pas le m\u00eame rouge sur les deux \u00e9crans. En mesurant avec une sonde les couleurs affich\u00e9es, le profil ICC d\u00e9finira quels rouges correspond au signal envoy\u00e9 dans cet exemple: (R=255,V=0,B=0). Dor\u00e9navant, nos 2 \u00e9crans calibr\u00e9s utiliseront chacun le profil ICC correspondant \u00e0 leur gamut. Le signal envoy\u00e9 par la carte graphique sera corrig\u00e9 selon les valeurs du profil ICC pour afficher la m\u00eame couleur rouge. En faisant ainsi, les valeurs RVB des pixels envoy\u00e9s aux 2 \u00e9crans ne seront pas identiques, mais l&rsquo;image affich\u00e9e sera la m\u00eame dans les 2 cas (pour autant que toutes les couleurs soient affichables).<\/p>\n<p style=\"text-align: justify;\">Un profil ICC permet \u00e9galement de pr\u00e9visualiser le rendu d\u2019un p\u00e9riph\u00e9rique sur un autre. Par exemple, vous pouvez voir sur votre \u00e9cran le rendu des couleurs d\u2019un papier donn\u00e9, avec une imprimante particuli\u00e8re, et de connaitre ainsi avant impression le spectre colorim\u00e9trique offert par cette imprimante sur ce papier.<\/p>\n<p><img decoding=\"async\" class=\"frameImg aligncenter size-full wp-image-2740\" src=\"https:\/\/www.tempsdepause.ch\/services\/wp-content\/uploads\/2013\/08\/JeanDa20130827101321.jpg\" alt=\"Venise\" width=\"760\" height=\"426\" srcset=\"https:\/\/www.tempsdepause.ch\/services\/wp-content\/uploads\/2013\/08\/JeanDa20130827101321.jpg 760w, https:\/\/www.tempsdepause.ch\/services\/wp-content\/uploads\/2013\/08\/JeanDa20130827101321-600x336.jpg 600w\" sizes=\"(max-width: 760px) 100vw, 760px\" \/><\/p>\n<h3>Afficher vos profils avec ColorSync<\/h3>\n<p style=\"text-align: justify;\">Pr\u00e9sent dans le dossier Utilitaires, Utilitaire ColorSync pr\u00e9sente la liste de tous les profils ColorSync install\u00e9s sur votre Mac et fournit sur chacun d\u2019eux des informations d\u00e9taill\u00e9es. Lorsque d\u2019autres profils sont install\u00e9s, ils sont ajout\u00e9s \u00e0 la liste Utilitaire ColorSync.<\/p>\n<p>Chaque profil contient des informations r\u00e9capitulatives et une vue en trois dimensions de l\u2019espace colorim\u00e9trique, ce qui vous permet de visualiser les capacit\u00e9s et les limites de couleur du p\u00e9riph\u00e9rique, soit son gamut.<\/p>\n<p>ColorSync traduit les donn\u00e9es d\u2019une image entre les espaces colorim\u00e9triques de vos p\u00e9riph\u00e9riques pour que chacun d\u2019eux reproduise l\u2019image aussi pr\u00e9cis\u00e9ment que possible.<\/p>\n<div class=\"one_fourth\"><img decoding=\"async\" class=\"alignright size-full wp-image-2714\" src=\"https:\/\/www.tempsdepause.ch\/services\/wp-content\/uploads\/2013\/08\/ProfilsRGB.png\" alt=\"ProfilsRGB\" width=\"180\" height=\"185\" \/><\/div><div class=\"one_fourth\"><img decoding=\"async\" class=\"alignright size-full wp-image-2712\" src=\"https:\/\/www.tempsdepause.ch\/services\/wp-content\/uploads\/2013\/08\/ProfilMacBookPro.png\" alt=\"ProfilMacBookPro\" width=\"180\" height=\"184\" \/><\/div><div class=\"one_fourth\"><img decoding=\"async\" class=\"alignright size-full wp-image-2711\" src=\"https:\/\/www.tempsdepause.ch\/services\/wp-content\/uploads\/2013\/08\/ProfilEizo.png\" alt=\"ProfilEizo\" width=\"180\" height=\"203\" \/><\/div><div class=\"one_fourth last\"><img decoding=\"async\" class=\"alignright size-full wp-image-2719\" src=\"https:\/\/www.tempsdepause.ch\/services\/wp-content\/uploads\/2013\/08\/ProfilRGB-MacBook.png\" alt=\"ProfilRGB-MacBook\" width=\"200\" height=\"188\" \/><\/div><div class=\"clearboth\"><\/div>\n<div class=\"one_fourth\">Profil sRGB<\/div><div class=\"one_fourth\">Profil \u00e9cran MacBookPro<\/div><div class=\"one_fourth\">Profil \u00e9cran Eizo CG 276<\/div><div class=\"one_fourth last\">Comparison RGB (en gris) et \u00e9cran MacBook Pro<\/div><div class=\"clearboth\"><\/div>\n<div class=\"one_fourth\"><img decoding=\"async\" class=\"alignright size-full wp-image-2709\" src=\"https:\/\/www.tempsdepause.ch\/services\/wp-content\/uploads\/2013\/08\/ProfilEpsonV600.png\" alt=\"ProfilEpsonV600\" width=\"180\" height=\"202\" \/><\/div><div class=\"one_fourth\"><img decoding=\"async\" class=\"alignright size-full wp-image-2710\" src=\"https:\/\/www.tempsdepause.ch\/services\/wp-content\/uploads\/2013\/08\/ProfilCMJN.png\" alt=\"ProfilCMJN\" width=\"180\" height=\"185\" \/><\/div><div class=\"one_fourth\"><img decoding=\"async\" class=\"alignright size-full wp-image-2713\" src=\"https:\/\/www.tempsdepause.ch\/services\/wp-content\/uploads\/2013\/08\/ProfilEpson7900Ilford.png\" alt=\"ProfilEpson7900Ilford\" width=\"180\" height=\"201\" \/><\/div><div class=\"one_fourth last\"><img decoding=\"async\" class=\"aligncenter size-full wp-image-2724\" src=\"https:\/\/www.tempsdepause.ch\/services\/wp-content\/uploads\/2013\/08\/colorsync.png\" alt=\"colorsync\" width=\"95\" height=\"71\" \/><\/p>\n<p><a href=\"http:\/\/www.xritephoto.com\/\"><img decoding=\"async\" class=\"alignleft size-full wp-image-2731\" src=\"https:\/\/www.tempsdepause.ch\/services\/wp-content\/uploads\/2013\/08\/JeanDa2013090410638.jpg\" alt=\"JeanDa2013090410638\" width=\"200\" height=\"132\" \/><\/a><\/div><div class=\"clearboth\"><\/div>\n<div class=\"one_fourth\">Profil scanner Epson V600<\/div><div class=\"one_fourth\">Profil CMJN<\/div><div class=\"one_fourth\">Profil Epson 7900 papier Ilford<\/div><div class=\"one_fourth last\">INDISPENSABLE pour qui travaille des images, le calibrage de l&rsquo;\u00e9cran ne peut se faire sans une sonde de calibrage.<\/div><div class=\"clearboth\"><\/div>\n<div id=\"framed_box_45e685b6e44c36a2a3cb5e6a86130107\" class=\"framed_box\">\n\t<div class=\"framed_box_content\">\n\t\tRappelez-vous l\u2019espace colorim\u00e9trique sRGB, RGB ou ProPhoto RGB pour les plus importants sert d\u2019espace de travail dans Photoshop, Aperture&#8230; L\u2019espace colorim\u00e9trique est enregistr\u00e9 dans les images pour signaler son profil.<br \/>\nCet espace de travail doit \u00eatre suffisamment grand ou \u00e9gal aux espaces des p\u00e9riph\u00e9riques (gamut) afin d\u2019\u00e9viter des pertes de tons lors de la conversion.<\/p>\n<p>Le profil ICC ou gamut d\u2019un p\u00e9riph\u00e9rique permet de reproduire l\u2019image aussi pr\u00e9cis\u00e9ment que possible.\n\t\t<div class=\"framed_box_space\"><\/div>\n\t<\/div>\n<\/div>\n\n<a href=\"https:\/\/www.tempsdepause.ch\/services\/services\/stages-formations\/couleur\/espaces-colorimetries\" style=\"background-color:transparent\" class=\"theme_button small white no_woo_button alignlift\"><span style=\"color:gray;\">Page pr\u00e9c\u00e9dente<\/span><\/a> <a href=\"https:\/\/www.tempsdepause.ch\/services\/services\/stages-formations\/couleur\/convertir-les-couleurs-dun-espace-a-lautre\" style=\"background-color:transparent\" class=\"theme_button small white no_woo_button alignright\"><span style=\"color:gray;\">Page suivante<\/span><\/a>\n","protected":false},"excerpt":{"rendered":"<p>Gamut et profil colorim\u00e9trique La codification des couleurs cohabite dans un monde imparfait peupl\u00e9 d\u2019appareils qui ne savent interpr\u00e9ter une gamme limit\u00e9e de couleurs. Cette r\u00e9alit\u00e9 s\u2019applique \u00e0 l\u2019oeil humain et \u00e0 tous nos appareils, cam\u00e9ras, scanners, \u00e9crans, imprimantes, etc. L\u2019ensemble des couleurs qu\u2019un appareil sait produire est d\u00e9sign\u00e9 en g\u00e9n\u00e9ral par le terme de &#8230;<\/p>\n","protected":false},"author":1,"featured_media":0,"parent":2533,"menu_order":0,"comment_status":"open","ping_status":"open","template":"","meta":{"footnotes":""},"class_list":["post-2590","page","type-page","status-publish","hentry"],"aioseo_notices":[],"_links":{"self":[{"href":"https:\/\/www.tempsdepause.ch\/services\/wp-json\/wp\/v2\/pages\/2590","targetHints":{"allow":["GET"]}}],"collection":[{"href":"https:\/\/www.tempsdepause.ch\/services\/wp-json\/wp\/v2\/pages"}],"about":[{"href":"https:\/\/www.tempsdepause.ch\/services\/wp-json\/wp\/v2\/types\/page"}],"author":[{"embeddable":true,"href":"https:\/\/www.tempsdepause.ch\/services\/wp-json\/wp\/v2\/users\/1"}],"replies":[{"embeddable":true,"href":"https:\/\/www.tempsdepause.ch\/services\/wp-json\/wp\/v2\/comments?post=2590"}],"version-history":[{"count":0,"href":"https:\/\/www.tempsdepause.ch\/services\/wp-json\/wp\/v2\/pages\/2590\/revisions"}],"up":[{"embeddable":true,"href":"https:\/\/www.tempsdepause.ch\/services\/wp-json\/wp\/v2\/pages\/2533"}],"wp:attachment":[{"href":"https:\/\/www.tempsdepause.ch\/services\/wp-json\/wp\/v2\/media?parent=2590"}],"curies":[{"name":"wp","href":"https:\/\/api.w.org\/{rel}","templated":true}]}}